{"id":198,"date":"2025-01-13T10:17:51","date_gmt":"2025-01-13T09:17:51","guid":{"rendered":"https:\/\/hrjik.fhs.hr\/?page_id=198"},"modified":"2026-03-20T07:52:23","modified_gmt":"2026-03-20T06:52:23","slug":"pocetna","status":"publish","type":"page","link":"https:\/\/hrjik.fhs.hr\/en\/","title":{"rendered":"Home"},"content":{"rendered":"<div class=\"wp-block-uagb-container uagb-layout-flex uagb-block-c3a56ca2 alignfull uagb-is-root-container\">\n<div class=\"wp-block-uagb-advanced-heading uagb-block-2ad36393\"><h1 class=\"uagb-heading-text\">Croatian Language and Culture Abroad: <\/h1><p class=\"uagb-desc-text\">Exploring the Past, Present and Future<\/p><\/div>\n<\/div>\n\n\n\n<div class=\"wp-block-uagb-container uagb-block-d55c6d18 alignfull uagb-is-root-container\">\n<div class=\"wp-block-uagb-separator uagb-block-74c1e5e8\"><div class=\"uagb-separator-spacing-wrapper\"><div class=\"wp-block-uagb-separator__inner\" style=\"--my-background-image:\"><\/div><\/div><\/div>\n\n\n\n<div class=\"wp-block-uagb-advanced-heading uagb-block-abbb4aa9\"><h2 class=\"uagb-heading-text\">Obavijest<\/h2><div class=\"uagb-separator\"><\/div><\/div>\n\n\n\n<div data-aos= \"zoom-in\" data-aos-duration=\"400\" data-aos-delay=\"0\" data-aos-easing=\"ease\" data-aos-once=\"true\" class=\"wp-block-uagb-inline-notice uagb-inline_notice__align-center uagb-block-f031b0c2\"><button class=\"uagb-notice-close-button\" type=\"button\" aria-label=\"Close\"><\/button><h3 class=\"uagb-notice-title\">Produ\u017een rok za slanje radova do 20. velja\u010de 2026.<\/h3><div class=\"uagb-notice-text\">\n<p>Vi\u0161e detalja pogledajte na <a href=\"https:\/\/hrjik.fhs.hr\/en\/objava-radova-ucasopisu-kroatologija\/\">link<\/a>.<\/p>\n<\/div><\/div>\n<\/div>\n\n\n\n<div class=\"wp-block-uagb-container uagb-block-94efc646 alignfull uagb-is-root-container\">\n<div class=\"wp-block-uagb-separator uagb-block-e40a4870\"><div class=\"uagb-separator-spacing-wrapper\"><div class=\"wp-block-uagb-separator__inner\" style=\"--my-background-image:\"><\/div><\/div><\/div>\n<\/div>\n\n\n\n<div class=\"wp-block-uagb-container uagb-block-3878d520 alignfull uagb-is-root-container\"><div class=\"uagb-container-inner-blocks-wrap\">\n\t\t\t<div class=\"wp-block-uagb-post-grid uagb-post-grid  uagb-post__image-position-top uagb-post__image-enabled uagb-block-016e526c     uagb-post__items uagb-post__columns-3 is-grid uagb-post__columns-tablet-2 uagb-post__columns-mobile-1 uagb-post__equal-height\" data-total=\"2\" style=\"\">\n\n\t\t\t\t\t\t\t\t\t\t\t\t<article class=\"uagb-post__inner-wrap\">\t\t\t\t\t\t\t\t<div class='uagb-post__image'>\n\t\t\t\t\t\t\t\t\t<a href=\"https:\/\/hrjik.fhs.hr\/en\/dr-sc-tamara-bodor-za-emisiju-miris-zavicaja-o-nasoj-konferenciji\/\" target=\"_self\" rel=\"bookmark noopener noreferrer\" class='uagb-image-ratio-2-3'><img loading=\"lazy\" decoding=\"async\" width=\"1536\" height=\"1024\" src=\"https:\/\/hrjik.fhs.hr\/wp-content\/uploads\/2025\/10\/objava-3-1.png\" class=\"attachment-full size-full\" alt=\"\" srcset=\"https:\/\/hrjik.fhs.hr\/wp-content\/uploads\/2025\/10\/objava-3-1.png 1536w, https:\/\/hrjik.fhs.hr\/wp-content\/uploads\/2025\/10\/objava-3-1-300x200.png 300w, https:\/\/hrjik.fhs.hr\/wp-content\/uploads\/2025\/10\/objava-3-1-1024x683.png 1024w, https:\/\/hrjik.fhs.hr\/wp-content\/uploads\/2025\/10\/objava-3-1-768x512.png 768w, https:\/\/hrjik.fhs.hr\/wp-content\/uploads\/2025\/10\/objava-3-1-18x12.png 18w\" sizes=\"auto, (max-width: 1536px) 100vw, 1536px\" \/>\t\t\t\t\t<\/a>\n\t\t\t\t\t\t\t<\/div>\n\t\t\t\t\t\t<h4 class=\"uagb-post__title uagb-post__text\">\n\t\t\t\t<a href=\"https:\/\/hrjik.fhs.hr\/en\/dr-sc-tamara-bodor-za-emisiju-miris-zavicaja-o-nasoj-konferenciji\/\" target=\"_self\" rel=\"bookmark noopener noreferrer\">Tamara Bodor, PhD, on the programme Miris zavi\u010daja discussing our conference<\/a>\n\t\t\t<\/h4>\n\t\t\t\t\t\t<div class='uagb-post__text uagb-post-grid-byline'>\n\t\t\t\t\t\t\t<\/div>\n\t\t\t\t\t\t<div class=\"uagb-post__text uagb-post__cta wp-block-button\">\n\t\t\t\t<a class=\"wp-block-button__link uagb-text-link\" style=\"\" href=\"https:\/\/hrjik.fhs.hr\/en\/dr-sc-tamara-bodor-za-emisiju-miris-zavicaja-o-nasoj-konferenciji\/\" target=\"_self\" rel=\"bookmark noopener noreferrer\">Read more<\/a>\n\t\t\t<\/div>\n\t\t\t\n\t\t\t\t\t\t\t\t\t<\/article>\n\t\t\t\t\t\t\t\t\t\t\t\t\t\t\t\t<article class=\"uagb-post__inner-wrap\">\t\t\t\t\t\t\t\t<div class='uagb-post__image'>\n\t\t\t\t\t\t\t\t\t<a href=\"https:\/\/hrjik.fhs.hr\/en\/hrvatski-jezik-i-kultura-u-inozemstvu-pogled-u-proslost-sadasnjost-buducnost-u-emisiji-globalna-hrvatska\/\" target=\"_self\" rel=\"bookmark noopener noreferrer\" class='uagb-image-ratio-2-3'><img loading=\"lazy\" decoding=\"async\" width=\"921\" height=\"516\" src=\"https:\/\/hrjik.fhs.hr\/wp-content\/uploads\/2025\/11\/061a9667073c48f7b118140b40d332867273_icon.jpg\" class=\"attachment-full size-full\" alt=\"\" srcset=\"https:\/\/hrjik.fhs.hr\/wp-content\/uploads\/2025\/11\/061a9667073c48f7b118140b40d332867273_icon.jpg 921w, https:\/\/hrjik.fhs.hr\/wp-content\/uploads\/2025\/11\/061a9667073c48f7b118140b40d332867273_icon-300x168.jpg 300w, https:\/\/hrjik.fhs.hr\/wp-content\/uploads\/2025\/11\/061a9667073c48f7b118140b40d332867273_icon-768x430.jpg 768w, https:\/\/hrjik.fhs.hr\/wp-content\/uploads\/2025\/11\/061a9667073c48f7b118140b40d332867273_icon-18x10.jpg 18w\" sizes=\"auto, (max-width: 921px) 100vw, 921px\" \/>\t\t\t\t\t<\/a>\n\t\t\t\t\t\t\t<\/div>\n\t\t\t\t\t\t<h4 class=\"uagb-post__title uagb-post__text\">\n\t\t\t\t<a href=\"https:\/\/hrjik.fhs.hr\/en\/hrvatski-jezik-i-kultura-u-inozemstvu-pogled-u-proslost-sadasnjost-buducnost-u-emisiji-globalna-hrvatska\/\" target=\"_self\" rel=\"bookmark noopener noreferrer\">\u201cCroatian Language and Culture Abroad: Exploring the Past, Present, and Future\u201d Featured in the HRT Programme Globalna Hrvatska<\/a>\n\t\t\t<\/h4>\n\t\t\t\t\t\t<div class='uagb-post__text uagb-post-grid-byline'>\n\t\t\t\t\t\t\t<\/div>\n\t\t\t\t\t\t<div class=\"uagb-post__text uagb-post__cta wp-block-button\">\n\t\t\t\t<a class=\"wp-block-button__link uagb-text-link\" style=\"\" href=\"https:\/\/hrjik.fhs.hr\/en\/hrvatski-jezik-i-kultura-u-inozemstvu-pogled-u-proslost-sadasnjost-buducnost-u-emisiji-globalna-hrvatska\/\" target=\"_self\" rel=\"bookmark noopener noreferrer\">Read more<\/a>\n\t\t\t<\/div>\n\t\t\t\n\t\t\t\t\t\t\t\t\t<\/article>\n\t\t\t\t\t\t\t\t\t\t\t\t\t\t\t\t<article class=\"uagb-post__inner-wrap\">\t\t\t\t\t\t\t\t<div class='uagb-post__image'>\n\t\t\t\t\t\t\t\t\t<a href=\"https:\/\/hrjik.fhs.hr\/en\/zavrsila-konferencija-hrvatski-jezik-i-kultura-u-inozemstvu-pogled-u-proslost-sadasnjost-buducnost\/\" target=\"_self\" rel=\"bookmark noopener noreferrer\" class='uagb-image-ratio-2-3'><img loading=\"lazy\" decoding=\"async\" width=\"1536\" height=\"1024\" src=\"https:\/\/hrjik.fhs.hr\/wp-content\/uploads\/2025\/11\/zavrsetak-1.png\" class=\"attachment-full size-full\" alt=\"\" srcset=\"https:\/\/hrjik.fhs.hr\/wp-content\/uploads\/2025\/11\/zavrsetak-1.png 1536w, https:\/\/hrjik.fhs.hr\/wp-content\/uploads\/2025\/11\/zavrsetak-1-300x200.png 300w, https:\/\/hrjik.fhs.hr\/wp-content\/uploads\/2025\/11\/zavrsetak-1-1024x683.png 1024w, https:\/\/hrjik.fhs.hr\/wp-content\/uploads\/2025\/11\/zavrsetak-1-768x512.png 768w, https:\/\/hrjik.fhs.hr\/wp-content\/uploads\/2025\/11\/zavrsetak-1-18x12.png 18w\" sizes=\"auto, (max-width: 1536px) 100vw, 1536px\" \/>\t\t\t\t\t<\/a>\n\t\t\t\t\t\t\t<\/div>\n\t\t\t\t\t\t<h4 class=\"uagb-post__title uagb-post__text\">\n\t\t\t\t<a href=\"https:\/\/hrjik.fhs.hr\/en\/zavrsila-konferencija-hrvatski-jezik-i-kultura-u-inozemstvu-pogled-u-proslost-sadasnjost-buducnost\/\" target=\"_self\" rel=\"bookmark noopener noreferrer\">The International Scientific-Professional Conference \u201cCroatian Language and Culture Abroad: Exploring the Past, Present, and Future\u201d has successfully concluded<\/a>\n\t\t\t<\/h4>\n\t\t\t\t\t\t<div class='uagb-post__text uagb-post-grid-byline'>\n\t\t\t\t\t\t\t<\/div>\n\t\t\t\t\t\t<div class=\"uagb-post__text uagb-post__cta wp-block-button\">\n\t\t\t\t<a class=\"wp-block-button__link uagb-text-link\" style=\"\" href=\"https:\/\/hrjik.fhs.hr\/en\/zavrsila-konferencija-hrvatski-jezik-i-kultura-u-inozemstvu-pogled-u-proslost-sadasnjost-buducnost\/\" target=\"_self\" rel=\"bookmark noopener noreferrer\">Read more<\/a>\n\t\t\t<\/div>\n\t\t\t\n\t\t\t\t\t\t\t\t\t<\/article>\n\t\t\t\t\t\t\t\t\t\t\t\t\t\t\t\t<article class=\"uagb-post__inner-wrap\">\t\t\t\t\t\t\t\t<div class='uagb-post__image'>\n\t\t\t\t\t\t\t\t\t<a href=\"https:\/\/hrjik.fhs.hr\/en\/otvorena-konferencija-hrvatski-jezik-i-kultura-u-inozemstvu-pogled-u-proslost-sadasnjost-buducnost\/\" target=\"_self\" rel=\"bookmark noopener noreferrer\" class='uagb-image-ratio-2-3'><img loading=\"lazy\" decoding=\"async\" width=\"1530\" height=\"1024\" src=\"https:\/\/hrjik.fhs.hr\/wp-content\/uploads\/2025\/11\/Untitled-design-1.png\" class=\"attachment-full size-full\" alt=\"\" srcset=\"https:\/\/hrjik.fhs.hr\/wp-content\/uploads\/2025\/11\/Untitled-design-1.png 1530w, https:\/\/hrjik.fhs.hr\/wp-content\/uploads\/2025\/11\/Untitled-design-1-300x201.png 300w, https:\/\/hrjik.fhs.hr\/wp-content\/uploads\/2025\/11\/Untitled-design-1-1024x685.png 1024w, https:\/\/hrjik.fhs.hr\/wp-content\/uploads\/2025\/11\/Untitled-design-1-768x514.png 768w, https:\/\/hrjik.fhs.hr\/wp-content\/uploads\/2025\/11\/Untitled-design-1-18x12.png 18w\" sizes=\"auto, (max-width: 1530px) 100vw, 1530px\" \/>\t\t\t\t\t<\/a>\n\t\t\t\t\t\t\t<\/div>\n\t\t\t\t\t\t<h4 class=\"uagb-post__title uagb-post__text\">\n\t\t\t\t<a href=\"https:\/\/hrjik.fhs.hr\/en\/otvorena-konferencija-hrvatski-jezik-i-kultura-u-inozemstvu-pogled-u-proslost-sadasnjost-buducnost\/\" target=\"_self\" rel=\"bookmark noopener noreferrer\">The conference \u201cCroatian Language and Culture Abroad: Exploring the Past, Present, and Future\u201d has been officially opened.<\/a>\n\t\t\t<\/h4>\n\t\t\t\t\t\t<div class='uagb-post__text uagb-post-grid-byline'>\n\t\t\t\t\t\t\t<\/div>\n\t\t\t\t\t\t<div class=\"uagb-post__text uagb-post__cta wp-block-button\">\n\t\t\t\t<a class=\"wp-block-button__link uagb-text-link\" style=\"\" href=\"https:\/\/hrjik.fhs.hr\/en\/otvorena-konferencija-hrvatski-jezik-i-kultura-u-inozemstvu-pogled-u-proslost-sadasnjost-buducnost\/\" target=\"_self\" rel=\"bookmark noopener noreferrer\">Read more<\/a>\n\t\t\t<\/div>\n\t\t\t\n\t\t\t\t\t\t\t\t\t<\/article>\n\t\t\t\t\t\t\t\t\t\t\t\t\t\t\t\t<article class=\"uagb-post__inner-wrap\">\t\t\t\t\t\t\t\t<div class='uagb-post__image'>\n\t\t\t\t\t\t\t\t\t<a href=\"https:\/\/hrjik.fhs.hr\/en\/hrvatska-matica-iseljenika-i-glas-hrvatske-o-nasoj-konferenciji\/\" target=\"_self\" rel=\"bookmark noopener noreferrer\" class='uagb-image-ratio-2-3'><img loading=\"lazy\" decoding=\"async\" width=\"1530\" height=\"1024\" src=\"https:\/\/hrjik.fhs.hr\/wp-content\/uploads\/2025\/11\/konf-1.png\" class=\"attachment-full size-full\" alt=\"\" srcset=\"https:\/\/hrjik.fhs.hr\/wp-content\/uploads\/2025\/11\/konf-1.png 1530w, https:\/\/hrjik.fhs.hr\/wp-content\/uploads\/2025\/11\/konf-1-300x201.png 300w, https:\/\/hrjik.fhs.hr\/wp-content\/uploads\/2025\/11\/konf-1-1024x685.png 1024w, https:\/\/hrjik.fhs.hr\/wp-content\/uploads\/2025\/11\/konf-1-768x514.png 768w, https:\/\/hrjik.fhs.hr\/wp-content\/uploads\/2025\/11\/konf-1-18x12.png 18w\" sizes=\"auto, (max-width: 1530px) 100vw, 1530px\" \/>\t\t\t\t\t<\/a>\n\t\t\t\t\t\t\t<\/div>\n\t\t\t\t\t\t<h4 class=\"uagb-post__title uagb-post__text\">\n\t\t\t\t<a href=\"https:\/\/hrjik.fhs.hr\/en\/hrvatska-matica-iseljenika-i-glas-hrvatske-o-nasoj-konferenciji\/\" target=\"_self\" rel=\"bookmark noopener noreferrer\">The Croatian Heritage Foundation and Glas Hrvatske on our conference<\/a>\n\t\t\t<\/h4>\n\t\t\t\t\t\t<div class='uagb-post__text uagb-post-grid-byline'>\n\t\t\t\t\t\t\t<\/div>\n\t\t\t\t\t\t<div class=\"uagb-post__text uagb-post__cta wp-block-button\">\n\t\t\t\t<a class=\"wp-block-button__link uagb-text-link\" style=\"\" href=\"https:\/\/hrjik.fhs.hr\/en\/hrvatska-matica-iseljenika-i-glas-hrvatske-o-nasoj-konferenciji\/\" target=\"_self\" rel=\"bookmark noopener noreferrer\">Read more<\/a>\n\t\t\t<\/div>\n\t\t\t\n\t\t\t\t\t\t\t\t\t<\/article>\n\t\t\t\t\t\t\t\t\t\t\t\t\t\t\t\t<article class=\"uagb-post__inner-wrap\">\t\t\t\t\t\t\t\t<div class='uagb-post__image'>\n\t\t\t\t\t\t\t\t\t<a href=\"https:\/\/hrjik.fhs.hr\/en\/ugledni-znanstvenici-panelisti-konferencije\/\" target=\"_self\" rel=\"bookmark noopener noreferrer\" class='uagb-image-ratio-2-3'><img loading=\"lazy\" decoding=\"async\" width=\"1536\" height=\"1024\" src=\"https:\/\/hrjik.fhs.hr\/wp-content\/uploads\/2025\/10\/speakers-1.png\" class=\"attachment-full size-full\" alt=\"\" srcset=\"https:\/\/hrjik.fhs.hr\/wp-content\/uploads\/2025\/10\/speakers-1.png 1536w, https:\/\/hrjik.fhs.hr\/wp-content\/uploads\/2025\/10\/speakers-1-300x200.png 300w, https:\/\/hrjik.fhs.hr\/wp-content\/uploads\/2025\/10\/speakers-1-1024x683.png 1024w, https:\/\/hrjik.fhs.hr\/wp-content\/uploads\/2025\/10\/speakers-1-768x512.png 768w, https:\/\/hrjik.fhs.hr\/wp-content\/uploads\/2025\/10\/speakers-1-18x12.png 18w\" sizes=\"auto, (max-width: 1536px) 100vw, 1536px\" \/>\t\t\t\t\t<\/a>\n\t\t\t\t\t\t\t<\/div>\n\t\t\t\t\t\t<h4 class=\"uagb-post__title uagb-post__text\">\n\t\t\t\t<a href=\"https:\/\/hrjik.fhs.hr\/en\/ugledni-znanstvenici-panelisti-konferencije\/\" target=\"_self\" rel=\"bookmark noopener noreferrer\">Distinguished Scholars as Conference Panelists<\/a>\n\t\t\t<\/h4>\n\t\t\t\t\t\t<div class='uagb-post__text uagb-post-grid-byline'>\n\t\t\t\t\t\t\t<\/div>\n\t\t\t\t\t\t<div class=\"uagb-post__text uagb-post__cta wp-block-button\">\n\t\t\t\t<a class=\"wp-block-button__link uagb-text-link\" style=\"\" href=\"https:\/\/hrjik.fhs.hr\/en\/ugledni-znanstvenici-panelisti-konferencije\/\" target=\"_self\" rel=\"bookmark noopener noreferrer\">Read more<\/a>\n\t\t\t<\/div>\n\t\t\t\n\t\t\t\t\t\t\t\t\t<\/article>\n\t\t\t\t\t\t\t\t\t\t\t<\/div>\n\t\t\t<\/div><\/div>\n\n\n\n<div class=\"wp-block-uagb-container uagb-block-941fc800 alignfull uagb-is-root-container\"><div class=\"uagb-container__shape uagb-container__shape-top\"><svg xmlns=\"https:\/\/www.w3.org\/2000\/svg\" viewbox=\"0 0 937.5 120\" preserveaspectratio=\"none\"><path class=\"uagb-container__shape-fill\" d=\"M937,129.8V-0.1H0v129.9C0,62.6,209.6,8.2,468.4,8.2S936.9,62.6,937,129.8z\"><\/path><\/svg><\/div><div class=\"uagb-container-inner-blocks-wrap\">\n<div class=\"wp-block-uagb-advanced-heading uagb-block-ca3fbe5b\"><h2 class=\"uagb-heading-text\">Conference in numbers<\/h2><div class=\"uagb-separator\"><\/div><\/div>\n<\/div><\/div>\n\n\n\n<div class=\"wp-block-uagb-container uagb-layout-grid uagb-block-88185256 alignfull uagb-is-root-container\"><div class=\"uagb-container__shape uagb-container__shape-top\"><svg xmlns=\"https:\/\/www.w3.org\/2000\/svg\" viewbox=\"0 0 1000 100\" preserveaspectratio=\"none\"><path class=\"uagb-container__shape-fill\" d=\"M0,6V0h1000v100L0,6z\"><\/path><\/svg><\/div><div class=\"uagb-container__shape uagb-container__shape-bottom uagb-container__invert\" data-negative=\"false\"><svg xmlns=\"https:\/\/www.w3.org\/2000\/svg\" viewbox=\"0 0 937.5 120\" preserveaspectratio=\"none\"><path class=\"uagb-container__shape-fill\" d=\"M937,129.8V-0.1H0v129.9C0,62.6,209.6,8.2,468.4,8.2S936.9,62.6,937,129.8z\"><\/path><\/svg><\/div><div class=\"uagb-container-inner-blocks-wrap\">\n<div class=\"wp-block-uagb-counter uagb-block-ff73c006 wp-block-uagb-counter--circle\"><div class=\"wp-block-uagb-counter-circle-container\"><div class=\"wp-block-uagb-counter-circle-container__content\"><span class=\"wp-block-uagb-counter__icon\"><svg xmlns=\"https:\/\/www.w3.org\/2000\/svg\" viewbox=\"0 0 576 512\"><path d=\"M144.3 32.04C106.9 31.29 63.7 41.44 18.6 61.29c-11.42 5.026-18.6 16.67-18.6 29.15l0 357.6c0 11.55 11.99 19.55 22.45 14.65c126.3-59.14 219.8 11 223.8 14.01C249.1 478.9 252.5 480 256 480c12.4 0 16-11.38 16-15.98V80.04c0-5.203-2.531-10.08-6.781-13.08C263.3 65.58 216.7 33.35 144.3 32.04zM557.4 61.29c-45.11-19.79-88.48-29.61-125.7-29.26c-72.44 1.312-118.1 33.55-120.9 34.92C306.5 69.96 304 74.83 304 80.04v383.1C304 468.4 307.5 480 320 480c3.484 0 6.938-1.125 9.781-3.328c3.925-3.018 97.44-73.16 223.8-14c10.46 4.896 22.45-3.105 22.45-14.65l.0001-357.6C575.1 77.97 568.8 66.31 557.4 61.29z\"><\/path><\/svg><\/span><div class=\"wp-block-uagb-counter__number\"><span class=\"uagb-counter-block-number\" data-duration=\"1.5\" data-to-value=\"55\" data-from-value=\"0\" data-delimiter=\",\"><\/span><span class=\"uagb-counter-block-suffix\">+<\/span><\/div><div class=\"wp-block-uagb-counter__title\">Topics<\/div><\/div><svg preserveaspectratio=\"xMinYMin meet\" viewbox=\"0 0 300 300\" version=\"1.1\" xmlns=\"http:\/\/www.w3.org\/2000\/svg\"><circle class=\"uagb-counter-circle__background\"><\/circle><circle class=\"uagb-counter-circle__progress\"><\/circle><\/svg><\/div><\/div>\n\n\n\n<div class=\"wp-block-uagb-counter uagb-block-19b612b6 wp-block-uagb-counter--circle\"><div class=\"wp-block-uagb-counter-circle-container\"><div class=\"wp-block-uagb-counter-circle-container__content\"><span class=\"wp-block-uagb-counter__icon\"><svg xmlns=\"https:\/\/www.w3.org\/2000\/svg\" viewbox=\"0 0 512 512\"><path d=\"M480 179.6C498.6 188.4 512 212.1 512 240C512 267.9 498.6 291.6 480 300.4V448C480 460.9 472.2 472.6 460.2 477.6C448.3 482.5 434.5 479.8 425.4 470.6L381.7 426.1C333.7 378.1 268.6 352 200.7 352H192V480C192 497.7 177.7 512 160 512H96C78.33 512 64 497.7 64 480V352C28.65 352 0 323.3 0 288V192C0 156.7 28.65 128 64 128H200.7C268.6 128 333.7 101 381.7 53.02L425.4 9.373C434.5 .2215 448.3-2.516 460.2 2.437C472.2 7.39 480 19.06 480 32V179.6zM200.7 192H192V288H200.7C280.5 288 357.2 317.8 416 371.3V108.7C357.2 162.2 280.5 192 200.7 192V192z\"><\/path><\/svg><\/span><div class=\"wp-block-uagb-counter__number\"><span class=\"uagb-counter-block-number\" data-duration=\"1.5\" data-to-value=\"80\" data-from-value=\"0\" data-delimiter=\",\"><\/span><span class=\"uagb-counter-block-suffix\">+<\/span><\/div><div class=\"wp-block-uagb-counter__title\">Presentations<\/div><\/div><svg preserveaspectratio=\"xMinYMin meet\" viewbox=\"0 0 300 300\" version=\"1.1\" xmlns=\"http:\/\/www.w3.org\/2000\/svg\"><circle class=\"uagb-counter-circle__background\"><\/circle><circle class=\"uagb-counter-circle__progress\"><\/circle><\/svg><\/div><\/div>\n\n\n\n<div class=\"wp-block-uagb-counter uagb-block-c5908e9c wp-block-uagb-counter--circle\"><div class=\"wp-block-uagb-counter-circle-container\"><div class=\"wp-block-uagb-counter-circle-container__content\"><span class=\"wp-block-uagb-counter__icon\"><svg xmlns=\"https:\/\/www.w3.org\/2000\/svg\" viewbox=\"0 0 640 512\"><path d=\"M184 88C184 118.9 158.9 144 128 144C97.07 144 72 118.9 72 88C72 57.07 97.07 32 128 32C158.9 32 184 57.07 184 88zM208.4 196.3C178.7 222.7 160 261.2 160 304C160 338.3 171.1 369.8 192 394.5V416C192 433.7 177.7 448 160 448H96C78.33 448 64 433.7 64 416V389.2C26.16 371.2 0 332.7 0 288C0 226.1 50.14 176 112 176H144C167.1 176 190.2 183.5 208.4 196.3V196.3zM64 245.7C54.04 256.9 48 271.8 48 288C48 304.2 54.04 319.1 64 330.3V245.7zM448 416V394.5C468 369.8 480 338.3 480 304C480 261.2 461.3 222.7 431.6 196.3C449.8 183.5 472 176 496 176H528C589.9 176 640 226.1 640 288C640 332.7 613.8 371.2 576 389.2V416C576 433.7 561.7 448 544 448H480C462.3 448 448 433.7 448 416zM576 330.3C585.1 319.1 592 304.2 592 288C592 271.8 585.1 256.9 576 245.7V330.3zM568 88C568 118.9 542.9 144 512 144C481.1 144 456 118.9 456 88C456 57.07 481.1 32 512 32C542.9 32 568 57.07 568 88zM256 96C256 60.65 284.7 32 320 32C355.3 32 384 60.65 384 96C384 131.3 355.3 160 320 160C284.7 160 256 131.3 256 96zM448 304C448 348.7 421.8 387.2 384 405.2V448C384 465.7 369.7 480 352 480H288C270.3 480 256 465.7 256 448V405.2C218.2 387.2 192 348.7 192 304C192 242.1 242.1 192 304 192H336C397.9 192 448 242.1 448 304zM256 346.3V261.7C246 272.9 240 287.8 240 304C240 320.2 246 335.1 256 346.3zM384 261.7V346.3C393.1 335 400 320.2 400 304C400 287.8 393.1 272.9 384 261.7z\"><\/path><\/svg><\/span><div class=\"wp-block-uagb-counter__number\"><span class=\"uagb-counter-block-number\" data-duration=\"1.5\" data-to-value=\"100\" data-from-value=\"0\" data-delimiter=\",\"><\/span><span class=\"uagb-counter-block-suffix\">+<\/span><\/div><div class=\"wp-block-uagb-counter__title\">Participants<\/div><\/div><svg preserveaspectratio=\"xMinYMin meet\" viewbox=\"0 0 300 300\" version=\"1.1\" xmlns=\"http:\/\/www.w3.org\/2000\/svg\"><circle class=\"uagb-counter-circle__background\"><\/circle><circle class=\"uagb-counter-circle__progress\"><\/circle><\/svg><\/div><\/div>\n<\/div><\/div>\n\n\n\n<div class=\"wp-block-uagb-container uagb-block-6d0ab37d alignfull uagb-is-root-container\">\n<div class=\"wp-block-uagb-separator uagb-block-bcd57408\"><div class=\"uagb-separator-spacing-wrapper\"><div class=\"wp-block-uagb-separator__inner\" style=\"--my-background-image:\"><\/div><\/div><\/div>\n<\/div>\n\n\n\n<div class=\"wp-block-uagb-container uagb-block-e8c58435 alignfull uagb-is-root-container\"><div class=\"uagb-container-inner-blocks-wrap\">\n<div class=\"wp-block-uagb-container uagb-block-352d5b10\">\n<div class=\"wp-block-uagb-advanced-heading uagb-block-733018ca\"><h2 class=\"uagb-heading-text\">Important Dates<\/h2><div class=\"uagb-separator\"><\/div><\/div>\n<\/div>\n\n\n\n<div class=\"wp-block-uagb-container uagb-block-b4ca1c82\">\n<div class=\"wp-block-uagb-info-box uagb-block-e4c44264 uagb-infobox__content-wrap  uagb-infobox-icon-above-title uagb-infobox-image-valign-top\"><div class=\"uagb-ifb-content\"><div class=\"uagb-ifb-icon-wrap\"><svg xmlns=\"https:\/\/www.w3.org\/2000\/svg\" viewbox=\"0 0 448 512\"><path d=\"M160 32V64H288V32C288 14.33 302.3 0 320 0C337.7 0 352 14.33 352 32V64H400C426.5 64 448 85.49 448 112V160H0V112C0 85.49 21.49 64 48 64H96V32C96 14.33 110.3 0 128 0C145.7 0 160 14.33 160 32zM0 192H448V464C448 490.5 426.5 512 400 512H48C21.49 512 0 490.5 0 464V192zM64 304C64 312.8 71.16 320 80 320H112C120.8 320 128 312.8 128 304V272C128 263.2 120.8 256 112 256H80C71.16 256 64 263.2 64 272V304zM192 304C192 312.8 199.2 320 208 320H240C248.8 320 256 312.8 256 304V272C256 263.2 248.8 256 240 256H208C199.2 256 192 263.2 192 272V304zM336 256C327.2 256 320 263.2 320 272V304C320 312.8 327.2 320 336 320H368C376.8 320 384 312.8 384 304V272C384 263.2 376.8 256 368 256H336zM64 432C64 440.8 71.16 448 80 448H112C120.8 448 128 440.8 128 432V400C128 391.2 120.8 384 112 384H80C71.16 384 64 391.2 64 400V432zM208 384C199.2 384 192 391.2 192 400V432C192 440.8 199.2 448 208 448H240C248.8 448 256 440.8 256 432V400C256 391.2 248.8 384 240 384H208zM320 432C320 440.8 327.2 448 336 448H368C376.8 448 384 440.8 384 432V400C384 391.2 376.8 384 368 384H336C327.2 384 320 391.2 320 400V432z\"><\/path><\/svg><\/div><div class=\"uagb-ifb-title-wrap\"><h3 class=\"uagb-ifb-title\">10 July 2025<\/h3><\/div><p class=\"uagb-ifb-desc\">Deadline for abstract submission<br><br><\/p><\/div><\/div>\n<\/div>\n\n\n\n<div class=\"wp-block-uagb-container uagb-block-e8e88275\">\n<div class=\"wp-block-uagb-info-box uagb-block-b3173f9f uagb-infobox__content-wrap  uagb-infobox-icon-above-title uagb-infobox-image-valign-top\"><div class=\"uagb-ifb-content\"><div class=\"uagb-ifb-icon-wrap\"><svg xmlns=\"https:\/\/www.w3.org\/2000\/svg\" viewbox=\"0 0 448 512\"><path d=\"M160 32V64H288V32C288 14.33 302.3 0 320 0C337.7 0 352 14.33 352 32V64H400C426.5 64 448 85.49 448 112V160H0V112C0 85.49 21.49 64 48 64H96V32C96 14.33 110.3 0 128 0C145.7 0 160 14.33 160 32zM0 192H448V464C448 490.5 426.5 512 400 512H48C21.49 512 0 490.5 0 464V192zM64 304C64 312.8 71.16 320 80 320H112C120.8 320 128 312.8 128 304V272C128 263.2 120.8 256 112 256H80C71.16 256 64 263.2 64 272V304zM192 304C192 312.8 199.2 320 208 320H240C248.8 320 256 312.8 256 304V272C256 263.2 248.8 256 240 256H208C199.2 256 192 263.2 192 272V304zM336 256C327.2 256 320 263.2 320 272V304C320 312.8 327.2 320 336 320H368C376.8 320 384 312.8 384 304V272C384 263.2 376.8 256 368 256H336zM64 432C64 440.8 71.16 448 80 448H112C120.8 448 128 440.8 128 432V400C128 391.2 120.8 384 112 384H80C71.16 384 64 391.2 64 400V432zM208 384C199.2 384 192 391.2 192 400V432C192 440.8 199.2 448 208 448H240C248.8 448 256 440.8 256 432V400C256 391.2 248.8 384 240 384H208zM320 432C320 440.8 327.2 448 336 448H368C376.8 448 384 440.8 384 432V400C384 391.2 376.8 384 368 384H336C327.2 384 320 391.2 320 400V432z\"><\/path><\/svg><\/div><div class=\"uagb-ifb-title-wrap\"><h3 class=\"uagb-ifb-title\"><strong>By 30 July 2025<\/strong><\/h3><\/div><p class=\"uagb-ifb-desc\">Notification of Abstract Acceptance<br><br><\/p><\/div><\/div>\n<\/div>\n\n\n\n<div class=\"wp-block-uagb-container uagb-block-f020351e\">\n<div class=\"wp-block-uagb-info-box uagb-block-77aa17a9 uagb-infobox__content-wrap  uagb-infobox-icon-above-title uagb-infobox-image-valign-top\"><div class=\"uagb-ifb-content\"><div class=\"uagb-ifb-icon-wrap\"><svg xmlns=\"https:\/\/www.w3.org\/2000\/svg\" viewbox=\"0 0 448 512\"><path d=\"M160 32V64H288V32C288 14.33 302.3 0 320 0C337.7 0 352 14.33 352 32V64H400C426.5 64 448 85.49 448 112V160H0V112C0 85.49 21.49 64 48 64H96V32C96 14.33 110.3 0 128 0C145.7 0 160 14.33 160 32zM0 192H448V464C448 490.5 426.5 512 400 512H48C21.49 512 0 490.5 0 464V192zM64 304C64 312.8 71.16 320 80 320H112C120.8 320 128 312.8 128 304V272C128 263.2 120.8 256 112 256H80C71.16 256 64 263.2 64 272V304zM192 304C192 312.8 199.2 320 208 320H240C248.8 320 256 312.8 256 304V272C256 263.2 248.8 256 240 256H208C199.2 256 192 263.2 192 272V304zM336 256C327.2 256 320 263.2 320 272V304C320 312.8 327.2 320 336 320H368C376.8 320 384 312.8 384 304V272C384 263.2 376.8 256 368 256H336zM64 432C64 440.8 71.16 448 80 448H112C120.8 448 128 440.8 128 432V400C128 391.2 120.8 384 112 384H80C71.16 384 64 391.2 64 400V432zM208 384C199.2 384 192 391.2 192 400V432C192 440.8 199.2 448 208 448H240C248.8 448 256 440.8 256 432V400C256 391.2 248.8 384 240 384H208zM320 432C320 440.8 327.2 448 336 448H368C376.8 448 384 440.8 384 432V400C384 391.2 376.8 384 368 384H336C327.2 384 320 391.2 320 400V432z\"><\/path><\/svg><\/div><div class=\"uagb-ifb-title-wrap\"><h3 class=\"uagb-ifb-title\"><strong>30 August 2025<\/strong><\/h3><\/div><p class=\"uagb-ifb-desc\">Payment of the conference fee <br>(Early payment by 30 August 2025; late payment after 30 August 2025)<\/p><\/div><\/div>\n<\/div>\n\n\n\n<div class=\"wp-block-uagb-container uagb-block-3aff6549\">\n<div class=\"wp-block-uagb-info-box uagb-block-624cc9c5 uagb-infobox__content-wrap  uagb-infobox-icon-above-title uagb-infobox-image-valign-top\"><div class=\"uagb-ifb-content\"><div class=\"uagb-ifb-icon-wrap\"><svg xmlns=\"https:\/\/www.w3.org\/2000\/svg\" viewbox=\"0 0 448 512\"><path d=\"M160 32V64H288V32C288 14.33 302.3 0 320 0C337.7 0 352 14.33 352 32V64H400C426.5 64 448 85.49 448 112V160H0V112C0 85.49 21.49 64 48 64H96V32C96 14.33 110.3 0 128 0C145.7 0 160 14.33 160 32zM0 192H448V464C448 490.5 426.5 512 400 512H48C21.49 512 0 490.5 0 464V192zM64 304C64 312.8 71.16 320 80 320H112C120.8 320 128 312.8 128 304V272C128 263.2 120.8 256 112 256H80C71.16 256 64 263.2 64 272V304zM192 304C192 312.8 199.2 320 208 320H240C248.8 320 256 312.8 256 304V272C256 263.2 248.8 256 240 256H208C199.2 256 192 263.2 192 272V304zM336 256C327.2 256 320 263.2 320 272V304C320 312.8 327.2 320 336 320H368C376.8 320 384 312.8 384 304V272C384 263.2 376.8 256 368 256H336zM64 432C64 440.8 71.16 448 80 448H112C120.8 448 128 440.8 128 432V400C128 391.2 120.8 384 112 384H80C71.16 384 64 391.2 64 400V432zM208 384C199.2 384 192 391.2 192 400V432C192 440.8 199.2 448 208 448H240C248.8 448 256 440.8 256 432V400C256 391.2 248.8 384 240 384H208zM320 432C320 440.8 327.2 448 336 448H368C376.8 448 384 440.8 384 432V400C384 391.2 376.8 384 368 384H336C327.2 384 320 391.2 320 400V432z\"><\/path><\/svg><\/div><div class=\"uagb-ifb-title-wrap\"><h3 class=\"uagb-ifb-title\"><strong>25 October 2025<\/strong><\/h3><\/div><p class=\"uagb-ifb-desc\">Presentation submission for online presenters<br><\/p><\/div><\/div>\n<\/div>\n\n\n\n<div class=\"wp-block-uagb-container uagb-block-82d06ecb\">\n<div class=\"wp-block-uagb-info-box uagb-block-5a051a15 uagb-infobox__content-wrap  uagb-infobox-icon-above-title uagb-infobox-image-valign-top\"><div class=\"uagb-ifb-content\"><div class=\"uagb-ifb-icon-wrap\"><svg xmlns=\"https:\/\/www.w3.org\/2000\/svg\" viewbox=\"0 0 448 512\"><path d=\"M160 32V64H288V32C288 14.33 302.3 0 320 0C337.7 0 352 14.33 352 32V64H400C426.5 64 448 85.49 448 112V160H0V112C0 85.49 21.49 64 48 64H96V32C96 14.33 110.3 0 128 0C145.7 0 160 14.33 160 32zM0 192H448V464C448 490.5 426.5 512 400 512H48C21.49 512 0 490.5 0 464V192zM64 304C64 312.8 71.16 320 80 320H112C120.8 320 128 312.8 128 304V272C128 263.2 120.8 256 112 256H80C71.16 256 64 263.2 64 272V304zM192 304C192 312.8 199.2 320 208 320H240C248.8 320 256 312.8 256 304V272C256 263.2 248.8 256 240 256H208C199.2 256 192 263.2 192 272V304zM336 256C327.2 256 320 263.2 320 272V304C320 312.8 327.2 320 336 320H368C376.8 320 384 312.8 384 304V272C384 263.2 376.8 256 368 256H336zM64 432C64 440.8 71.16 448 80 448H112C120.8 448 128 440.8 128 432V400C128 391.2 120.8 384 112 384H80C71.16 384 64 391.2 64 400V432zM208 384C199.2 384 192 391.2 192 400V432C192 440.8 199.2 448 208 448H240C248.8 448 256 440.8 256 432V400C256 391.2 248.8 384 240 384H208zM320 432C320 440.8 327.2 448 336 448H368C376.8 448 384 440.8 384 432V400C384 391.2 376.8 384 368 384H336C327.2 384 320 391.2 320 400V432z\"><\/path><\/svg><\/div><div class=\"uagb-ifb-title-wrap\"><h3 class=\"uagb-ifb-title\"><strong>3 and 4 November 2025<\/strong><\/h3><\/div><p class=\"uagb-ifb-desc\">Conference<br><\/p><\/div><\/div>\n<\/div>\n\n\n\n<div class=\"wp-block-uagb-container uagb-block-c1fbfe50\">\n<div class=\"wp-block-uagb-info-box uagb-block-1b3801c6 uagb-infobox__content-wrap  uagb-infobox-icon-above-title uagb-infobox-image-valign-top\"><div class=\"uagb-ifb-content\"><div class=\"uagb-ifb-icon-wrap\"><svg xmlns=\"https:\/\/www.w3.org\/2000\/svg\" viewbox=\"0 0 448 512\"><path d=\"M160 32V64H288V32C288 14.33 302.3 0 320 0C337.7 0 352 14.33 352 32V64H400C426.5 64 448 85.49 448 112V160H0V112C0 85.49 21.49 64 48 64H96V32C96 14.33 110.3 0 128 0C145.7 0 160 14.33 160 32zM0 192H448V464C448 490.5 426.5 512 400 512H48C21.49 512 0 490.5 0 464V192zM64 304C64 312.8 71.16 320 80 320H112C120.8 320 128 312.8 128 304V272C128 263.2 120.8 256 112 256H80C71.16 256 64 263.2 64 272V304zM192 304C192 312.8 199.2 320 208 320H240C248.8 320 256 312.8 256 304V272C256 263.2 248.8 256 240 256H208C199.2 256 192 263.2 192 272V304zM336 256C327.2 256 320 263.2 320 272V304C320 312.8 327.2 320 336 320H368C376.8 320 384 312.8 384 304V272C384 263.2 376.8 256 368 256H336zM64 432C64 440.8 71.16 448 80 448H112C120.8 448 128 440.8 128 432V400C128 391.2 120.8 384 112 384H80C71.16 384 64 391.2 64 400V432zM208 384C199.2 384 192 391.2 192 400V432C192 440.8 199.2 448 208 448H240C248.8 448 256 440.8 256 432V400C256 391.2 248.8 384 240 384H208zM320 432C320 440.8 327.2 448 336 448H368C376.8 448 384 440.8 384 432V400C384 391.2 376.8 384 368 384H336C327.2 384 320 391.2 320 400V432z\"><\/path><\/svg><\/div><div class=\"uagb-ifb-title-wrap\"><h3 class=\"uagb-ifb-title\"><strong>20 February 2026<\/strong><\/h3><\/div><p class=\"uagb-ifb-desc\">Manuscript submission for publication<br><\/p><\/div><\/div>\n<\/div>\n\n\n\n<div class=\"wp-block-uagb-container uagb-block-368294da\">\n<div class=\"wp-block-uagb-info-box uagb-block-3a7844f0 uagb-infobox__content-wrap  uagb-infobox-icon-above-title uagb-infobox-image-valign-top\"><div class=\"uagb-ifb-content\"><div class=\"uagb-ifb-icon-wrap\"><svg xmlns=\"https:\/\/www.w3.org\/2000\/svg\" viewbox=\"0 0 448 512\"><path d=\"M160 32V64H288V32C288 14.33 302.3 0 320 0C337.7 0 352 14.33 352 32V64H400C426.5 64 448 85.49 448 112V160H0V112C0 85.49 21.49 64 48 64H96V32C96 14.33 110.3 0 128 0C145.7 0 160 14.33 160 32zM0 192H448V464C448 490.5 426.5 512 400 512H48C21.49 512 0 490.5 0 464V192zM64 304C64 312.8 71.16 320 80 320H112C120.8 320 128 312.8 128 304V272C128 263.2 120.8 256 112 256H80C71.16 256 64 263.2 64 272V304zM192 304C192 312.8 199.2 320 208 320H240C248.8 320 256 312.8 256 304V272C256 263.2 248.8 256 240 256H208C199.2 256 192 263.2 192 272V304zM336 256C327.2 256 320 263.2 320 272V304C320 312.8 327.2 320 336 320H368C376.8 320 384 312.8 384 304V272C384 263.2 376.8 256 368 256H336zM64 432C64 440.8 71.16 448 80 448H112C120.8 448 128 440.8 128 432V400C128 391.2 120.8 384 112 384H80C71.16 384 64 391.2 64 400V432zM208 384C199.2 384 192 391.2 192 400V432C192 440.8 199.2 448 208 448H240C248.8 448 256 440.8 256 432V400C256 391.2 248.8 384 240 384H208zM320 432C320 440.8 327.2 448 336 448H368C376.8 448 384 440.8 384 432V400C384 391.2 376.8 384 368 384H336C327.2 384 320 391.2 320 400V432z\"><\/path><\/svg><\/div><div class=\"uagb-ifb-title-wrap\"><h3 class=\"uagb-ifb-title\"><strong>30 April 2026<\/strong><\/h3><\/div><p class=\"uagb-ifb-desc\">Notification of Paper Acceptance<br><\/p><\/div><\/div>\n<\/div>\n<\/div><\/div>\n\n\n\n<div class=\"wp-block-uagb-container uagb-block-5e0def55 alignfull uagb-is-root-container\"><div class=\"uagb-container-inner-blocks-wrap\">\n<div class=\"wp-block-uagb-separator uagb-block-5de21718\"><div class=\"uagb-separator-spacing-wrapper\"><div class=\"wp-block-uagb-separator__inner\" style=\"--my-background-image:\"><\/div><\/div><\/div>\n<\/div><\/div>\n\n\n\n<div class=\"wp-block-uagb-container uagb-layout-flex uagb-block-03d3d511 alignfull uagb-is-root-container\">\n<div class=\"wp-block-uagb-container uagb-block-8dd4e786\">\n<div class=\"wp-block-uagb-advanced-heading uagb-block-caaeef93\"><h1 class=\"uagb-heading-text\">Thematic Units<\/h1><div class=\"uagb-separator\"><\/div><\/div>\n\n\n\n<div class=\"wp-block-uagb-slider uagb-block-04012004 uagb-slider-container\"><div class=\"uagb-slides uagb-swiper\"><div class=\"swiper-wrapper\">\n<div class=\"wp-block-uagb-slider-child uagb-slider-child-wrap swiper-slide uagb-block-eda2ddd2\"><div class=\"swiper-content\">\n<div class=\"wp-block-uagb-container uagb-block-673f74bf\">\n<div class=\"wp-block-uagb-info-box uagb-block-1b9c492c uagb-infobox__content-wrap  uagb-infobox-icon-above-title uagb-infobox-image-valign-top\"><div class=\"uagb-ifb-content\"><div class=\"uagb-ifb-title-wrap\"><h3 class=\"uagb-ifb-title\">Croatian National Identity and Its Components<\/h3><\/div><div class=\"uagb-ifb-button-wrapper wp-block-button\"><a href=\"https:\/\/hrjik.fhs.hr\/en\/hrvatski-nacionalni-identitet-i-njegove-sastavnice\/\" class=\"uagb-infobox-cta-link wp-block-button__link\" target=\"_self\" rel=\"noopener noreferrer\" onclick=\"return true;\"><span class=\"uagb-inline-editing\">Learn More<\/span><\/a><\/div><\/div><\/div>\n<\/div>\n<\/div><\/div>\n\n\n\n<div class=\"wp-block-uagb-slider-child uagb-slider-child-wrap swiper-slide uagb-block-1d8c6726\"><div class=\"swiper-content\">\n<div class=\"wp-block-uagb-container uagb-block-9cbdf5dd\">\n<div class=\"wp-block-uagb-info-box uagb-block-211576bb uagb-infobox__content-wrap  uagb-infobox-icon-above-title uagb-infobox-image-valign-top\"><div class=\"uagb-ifb-content\"><div class=\"uagb-ifb-title-wrap\"><h3 class=\"uagb-ifb-title\">Croatian as a Second and Foreign Language\n in Croatia and Abroad<\/h3><\/div><div class=\"uagb-ifb-button-wrapper wp-block-button\"><a href=\"https:\/\/hrjik.fhs.hr\/en\/hrvatski-kao-ini-jezik-u-zemlji-i-inozemstvu\/\" class=\"uagb-infobox-cta-link wp-block-button__link\" target=\"_self\" rel=\"noopener noreferrer\" onclick=\"return true;\"><span class=\"uagb-inline-editing\">Learn More<\/span><\/a><\/div><\/div><\/div>\n<\/div>\n<\/div><\/div>\n\n\n\n<div class=\"wp-block-uagb-slider-child uagb-slider-child-wrap swiper-slide uagb-block-aa0623be\"><div class=\"swiper-content\">\n<div class=\"wp-block-uagb-container uagb-block-5d895716\">\n<div class=\"wp-block-uagb-info-box uagb-block-aa1188bf uagb-infobox__content-wrap  uagb-infobox-icon-above-title uagb-infobox-image-valign-top wp-block-uagb-info-box--has-margin\"><div class=\"uagb-infobox-margin-wrapper\"><div class=\"uagb-ifb-content\"><div class=\"uagb-ifb-title-wrap\"><h3 class=\"uagb-ifb-title\">Croatian Diaspora Issues<\/h3><\/div><div class=\"uagb-ifb-button-wrapper wp-block-button\"><a href=\"https:\/\/hrjik.fhs.hr\/en\/hrvatska-iseljenicka-problematika\/\" class=\"uagb-infobox-cta-link wp-block-button__link\" target=\"_self\" rel=\"noopener noreferrer\" onclick=\"return true;\"><span class=\"uagb-inline-editing\">Learn More<\/span><\/a><\/div><\/div><\/div><\/div>\n<\/div>\n<\/div><\/div>\n\n\n\n<div class=\"wp-block-uagb-slider-child uagb-slider-child-wrap swiper-slide uagb-block-207da9ae\"><div class=\"swiper-content\">\n<div class=\"wp-block-uagb-container uagb-block-7e97b20d\">\n<div class=\"wp-block-uagb-info-box uagb-block-ba661f4d uagb-infobox__content-wrap  uagb-infobox-icon-above-title uagb-infobox-image-valign-top\"><div class=\"uagb-ifb-content\"><div class=\"uagb-ifb-title-wrap\"><h3 class=\"uagb-ifb-title\">Croatia in the Context of Economic and Demographic Changes<\/h3><\/div><div class=\"uagb-ifb-button-wrapper wp-block-button\"><a href=\"https:\/\/hrjik.fhs.hr\/en\/hrvatska-u-kontekstu-ekonomskih-i-demografskih-promjena\/\" class=\"uagb-infobox-cta-link wp-block-button__link\" target=\"_self\" rel=\"noopener noreferrer\" onclick=\"return true;\"><span class=\"uagb-inline-editing\">Learn More<\/span><\/a><\/div><\/div><\/div>\n<\/div>\n<\/div><\/div>\n<\/div><\/div><div class=\"swiper-pagination\"><\/div><div class=\"swiper-button-prev\"><\/div><div class=\"swiper-button-next\"><\/div><\/div>\n<\/div>\n<\/div>\n\n\n\n<div class=\"wp-block-uagb-container uagb-block-4fcc7879 alignfull uagb-is-root-container\"><div class=\"uagb-container-inner-blocks-wrap\">\n<div class=\"wp-block-uagb-separator uagb-block-6ce04297\"><div class=\"uagb-separator-spacing-wrapper\"><div class=\"wp-block-uagb-separator__inner\" style=\"--my-background-image:\"><\/div><\/div><\/div>\n<\/div><\/div>\n\n\n\n<div id=\"speakers\" class=\"wp-block-uagb-container uagb-block-62494e06 alignfull uagb-is-root-container\"><div class=\"uagb-container__shape uagb-container__shape-top uagb-container__shape-flip\"><svg xmlns=\"https:\/\/www.w3.org\/2000\/svg\" viewbox=\"0 0 1000 100\" preserveaspectratio=\"none\"><path class=\"uagb-container__shape-fill\" d=\"M0,0c0,0,0,6,0,6.7c0,18,240.2,93.6,615.2,92.6C989.8,98.5,1000,25,1000,6.7c0-0.7,0-6.7,0-6.7H0z\"><\/path><\/svg><\/div><div class=\"uagb-container__shape uagb-container__shape-bottom uagb-container__invert\" data-negative=\"false\"><svg xmlns=\"https:\/\/www.w3.org\/2000\/svg\" viewbox=\"0 0 1000 100\" preserveaspectratio=\"none\"><path class=\"uagb-container__shape-fill\" d=\"M0,0c0,0,0,6,0,6.7c0,18,240.2,93.6,615.2,92.6C989.8,98.5,1000,25,1000,6.7c0-0.7,0-6.7,0-6.7H0z\"><\/path><\/svg><\/div><div class=\"uagb-container-inner-blocks-wrap\">\n<div class=\"wp-block-uagb-info-box uagb-block-af796646 uagb-infobox__content-wrap  uagb-infobox-icon-above-title uagb-infobox-image-valign-top wp-block-uagb-info-box--has-margin\"><div class=\"uagb-infobox-margin-wrapper\"><div class=\"uagb-ifb-content\"><div class=\"uagb-ifb-title-wrap\"><h2 class=\"uagb-ifb-title\">Keynote Speakers<\/h2><\/div><\/div><\/div><\/div>\n\n\n\n<div class=\"wp-block-uagb-container uagb-layout-flex uagb-block-6f273a66\">\n<div class=\"wp-block-uagb-container uagb-block-b767cd16\">\n<div class=\"wp-block-uagb-image uagb-block-d7001291 wp-block-uagb-image--layout-overlay wp-block-uagb-image--effect-grayscale wp-block-uagb-image--align-none\"><figure class=\"wp-block-uagb-image__figure\"><img decoding=\"async\" srcset=\"https:\/\/hrjik.fhs.hr\/wp-content\/uploads\/2025\/02\/BabicGalic-200x300.png ,https:\/\/hrjik.fhs.hr\/wp-content\/uploads\/2025\/02\/BabicGalic.png 780w, https:\/\/hrjik.fhs.hr\/wp-content\/uploads\/2025\/02\/BabicGalic-200x300.png 360w\" sizes=\"auto, (max-width: 480px) 150px\" src=\"https:\/\/hrjik.fhs.hr\/wp-content\/uploads\/2025\/02\/BabicGalic-200x300.png\" alt=\"\" class=\"uag-image-2994\" width=\"200\" height=\"300\" title=\"\" loading=\"lazy\" role=\"presentation\"\/><div class=\"wp-block-uagb-image--layout-overlay__color-wrapper\"><\/div><div class=\"wp-block-uagb-image--layout-overlay__inner bottom-left\"><figcaption class=\"uagb-image-caption\">Vanda Babi\u0107 Gali\u0107, PhD, Full Professor<\/figcaption><\/div><\/figure><\/div>\n\n\n\n<p class=\"has-text-align-center\" style=\"margin-top:var(--wp--preset--spacing--30);margin-bottom:var(--wp--preset--spacing--30);padding-right:1px;padding-left:1px;font-size:16px;line-height:1.3\"><strong>Vanda Babi\u0107 Gali\u0107, PhD<\/strong>, is a Full Professor and Scientific Advisor. She graduated in Zadar and completed her master\u2019s and PhD in Zagreb. She worked at the University of Zadar (1992 \u2013 2023), where she taught courses in oral literature and media. She is the author of numerous scientific books and scripts, as well as a member of editorial boards and accreditation bodies. She has been presented several awards for her contribution to science and culture. Since 2023, she has been employed in the Institute for Migration Research in Zagreb, and on 4 July 2024, she was appointed, pursuant to the Government Act, Special Advisor to the Minister of Foreign and European Affairs of the Republic of Croatia for issues related to Croatian national minorities, diaspora, culture and sports. (<a href=\"https:\/\/imin.hr\/zap-vandabg\/?lang=en\">More about Professor Babi\u0107 Gali\u0107<\/a>)<\/p>\n<\/div>\n\n\n\n<div class=\"wp-block-uagb-container uagb-block-484c854c\">\n<div class=\"wp-block-uagb-image uagb-block-11899eed wp-block-uagb-image--layout-overlay wp-block-uagb-image--effect-grayscale wp-block-uagb-image--align-none\"><figure class=\"wp-block-uagb-image__figure\"><img decoding=\"async\" srcset=\"https:\/\/hrjik.fhs.hr\/wp-content\/uploads\/2025\/02\/Cvikic.png ,https:\/\/hrjik.fhs.hr\/wp-content\/uploads\/2025\/02\/Cvikic.png 780w, https:\/\/hrjik.fhs.hr\/wp-content\/uploads\/2025\/02\/Cvikic-224x300.png 360w\" sizes=\"auto, (max-width: 480px) 150px\" src=\"https:\/\/hrjik.fhs.hr\/wp-content\/uploads\/2025\/02\/Cvikic.png\" alt=\"\" class=\"uag-image-2995\" width=\"200\" height=\"300\" title=\"\" loading=\"lazy\" role=\"presentation\"\/><div class=\"wp-block-uagb-image--layout-overlay__color-wrapper\"><\/div><div class=\"wp-block-uagb-image--layout-overlay__inner bottom-left\"><figcaption class=\"uagb-image-caption\">Lidija Cviki\u0107, PhD, \nFull Professor<\/figcaption><\/div><\/figure><\/div>\n\n\n\n<p class=\"has-text-align-center\" style=\"margin-top:var(--wp--preset--spacing--30);margin-bottom:var(--wp--preset--spacing--30);padding-right:1px;padding-left:1px;font-size:16px;line-height:1.3\"><strong>Lidija Cviki\u0107, PhD<\/strong>, is a Full Professor at the Faculty of Teacher Education in Zagreb, where she teaches courses in linguistics. She graduated and obtained her PhD at the Faculty of Humanities and Social Sciences in Zagreb, and obtained her master\u2019s in European Education in Zagreb and M\u00fcnster. Her fields of interest are applied linguistics, multilingualism and learning Croatian as a second and foreign language. She has published over 70 papers, (co)authored seven books and is active in scientific and professional projects. She is the Managing Editor of the journal <em>Strani jezici<\/em> and cooperates with institutes in the field of Croatian language and education. (<a href=\"https:\/\/www.ufzg.unizg.hr\/zaposlenici\/cvikic-lidija\/\">More about Professor Cviki\u0107<\/a>)<\/p>\n<\/div>\n\n\n\n<div class=\"wp-block-uagb-container uagb-block-ca23b441\">\n<div class=\"wp-block-uagb-image uagb-block-506977ae wp-block-uagb-image--layout-overlay wp-block-uagb-image--effect-grayscale wp-block-uagb-image--align-none\"><figure class=\"wp-block-uagb-image__figure\"><img decoding=\"async\" srcset=\"https:\/\/hrjik.fhs.hr\/wp-content\/uploads\/2025\/02\/NovakMilic-199x300.png ,https:\/\/hrjik.fhs.hr\/wp-content\/uploads\/2025\/02\/NovakMilic.png 780w, https:\/\/hrjik.fhs.hr\/wp-content\/uploads\/2025\/02\/NovakMilic-199x300.png 360w\" sizes=\"auto, (max-width: 480px) 150px\" src=\"https:\/\/hrjik.fhs.hr\/wp-content\/uploads\/2025\/02\/NovakMilic-199x300.png\" alt=\"\" class=\"uag-image-2996\" width=\"200\" height=\"300\" title=\"\" loading=\"lazy\" role=\"presentation\"\/><div class=\"wp-block-uagb-image--layout-overlay__color-wrapper\"><\/div><div class=\"wp-block-uagb-image--layout-overlay__inner bottom-left\"><figcaption class=\"uagb-image-caption\">Jasna Novak Mili\u0107, PhD<\/figcaption><\/div><\/figure><\/div>\n\n\n\n<p class=\"has-text-align-center\" style=\"margin-top:var(--wp--preset--spacing--30);margin-bottom:var(--wp--preset--spacing--30);padding-right:1px;padding-left:1px;font-size:16px;line-height:1.3\"><strong>Jasna Novak Mili\u0107, PhD,<\/strong> is an Associate Professor at Macquarie University specialised in global cultures, language acquisition and bilingualism. She was the Head of Croatian Studies at that same university and TESOL lecturer at Western Sydney University. She worked as a journalist and producer with SBS Croatian and was also teaching at universities in Zagreb, Uppsala and Indiana. She is an expert in Swedish linguistics and a long-standing associate of the Summer School of Croatian Language. She completed a post-graduate study programme in Learning Design at UTS. (<a href=\"https:\/\/researchers.mq.edu.au\/en\/persons\/jasna-novak-milic\">More about Professor Novak Mili\u0107<\/a>)<\/p>\n<\/div>\n\n\n\n<div class=\"wp-block-uagb-container uagb-block-bc542e71\">\n<div class=\"wp-block-uagb-image uagb-block-36865f58 wp-block-uagb-image--layout-overlay wp-block-uagb-image--effect-grayscale wp-block-uagb-image--align-none\"><figure class=\"wp-block-uagb-image__figure\"><img decoding=\"async\" srcset=\"https:\/\/hrjik.fhs.hr\/wp-content\/uploads\/2025\/02\/Tadic.png ,https:\/\/hrjik.fhs.hr\/wp-content\/uploads\/2025\/02\/Tadic.png 780w, https:\/\/hrjik.fhs.hr\/wp-content\/uploads\/2025\/02\/Tadic-199x300.png 360w\" sizes=\"auto, (max-width: 480px) 150px\" src=\"https:\/\/hrjik.fhs.hr\/wp-content\/uploads\/2025\/02\/Tadic.png\" alt=\"\" class=\"uag-image-2997\" width=\"200\" height=\"300\" title=\"\" loading=\"lazy\" role=\"presentation\"\/><div class=\"wp-block-uagb-image--layout-overlay__color-wrapper\"><\/div><div class=\"wp-block-uagb-image--layout-overlay__inner bottom-left\"><figcaption class=\"uagb-image-caption\">Marko Tadi\u0107, PhD, Full Professor<\/figcaption><\/div><\/figure><\/div>\n\n\n\n<p class=\"has-text-align-center\" style=\"margin-top:var(--wp--preset--spacing--30);margin-bottom:var(--wp--preset--spacing--30);padding-right:1px;padding-left:1px;font-size:16px;line-height:1.3\"><strong>Marko Tadi\u0107, PhD<\/strong>, is a linguist and Full Professor at the Department of Linguistics of the Faculty of Humanities and Social Sciences, University of Zagreb. He has been the Head of the Chair of Algebraic and Computational Linguistics within the same department since 2001, and an Associate Member of the Croatian Academy of Sciences and Arts since 2008. (<a href=\"https:\/\/www.ffzg.unizg.hr\/oling\/?page_id=1212&amp;lang=en\">More about Professor Tadi\u0107<\/a>)<\/p>\n<\/div>\n<\/div>\n<\/div><\/div>\n\n\n\n<div id=\"sponsors\" class=\"wp-block-uagb-container uagb-block-50bf6700 alignfull uagb-is-root-container\"><div class=\"uagb-container-inner-blocks-wrap\">\n<div class=\"wp-block-uagb-separator uagb-block-a9bb0c1a\"><div class=\"uagb-separator-spacing-wrapper\"><div class=\"wp-block-uagb-separator__inner\" style=\"--my-background-image:\"><\/div><\/div><\/div>\n\n\n\n<div class=\"wp-block-uagb-advanced-heading uagb-block-2b9e609c\"><h2 class=\"uagb-heading-text\">Conference Co-organizers<\/h2><\/div>\n\n\n\n<div class=\"wp-block-uagb-container uagb-layout-grid uagb-block-50641416\">\n<div class=\"wp-block-uagb-image aligncenter uagb-block-04fdda77 wp-block-uagb-image--layout-default wp-block-uagb-image--effect-grayscale wp-block-uagb-image--align-center\"><figure class=\"wp-block-uagb-image__figure\"><img decoding=\"async\" srcset=\"https:\/\/hrjik.fhs.hr\/wp-content\/uploads\/2025\/01\/zentrum-300x168.png ,https:\/\/hrjik.fhs.hr\/wp-content\/uploads\/2025\/01\/zentrum.png 780w, https:\/\/hrjik.fhs.hr\/wp-content\/uploads\/2025\/01\/zentrum.png 360w\" sizes=\"auto, (max-width: 480px) 150px\" src=\"https:\/\/hrjik.fhs.hr\/wp-content\/uploads\/2025\/01\/zentrum-300x168.png\" alt=\"\" class=\"uag-image-2806\" width=\"300\" height=\"168\" title=\"zentrum\" loading=\"lazy\" role=\"img\"\/><\/figure><\/div>\n\n\n\n<div class=\"wp-block-uagb-image uagb-block-53dff9be wp-block-uagb-image--layout-default wp-block-uagb-image--effect-grayscale wp-block-uagb-image--align-none\"><figure class=\"wp-block-uagb-image__figure\"><img decoding=\"async\" srcset=\"https:\/\/hrjik.fhs.hr\/wp-content\/uploads\/2025\/01\/HMI_logo2_tiskara-278x300.png ,https:\/\/hrjik.fhs.hr\/wp-content\/uploads\/2025\/01\/HMI_logo2_tiskara.png 780w, https:\/\/hrjik.fhs.hr\/wp-content\/uploads\/2025\/01\/HMI_logo2_tiskara.png 360w\" sizes=\"auto, (max-width: 480px) 150px\" src=\"https:\/\/hrjik.fhs.hr\/wp-content\/uploads\/2025\/01\/HMI_logo2_tiskara-278x300.png\" alt=\"\" class=\"uag-image-2799\" width=\"232\" height=\"241\" title=\"HMI_logo2_tiskara\" loading=\"lazy\" role=\"img\"\/><\/figure><\/div>\n\n\n\n<div class=\"wp-block-uagb-image uagb-block-6a71868a wp-block-uagb-image--layout-default wp-block-uagb-image--effect-grayscale wp-block-uagb-image--align-none\"><figure class=\"wp-block-uagb-image__figure\"><img decoding=\"async\" srcset=\"https:\/\/hrjik.fhs.hr\/wp-content\/uploads\/2025\/01\/hazu_logo_black.svg ,https:\/\/hrjik.fhs.hr\/wp-content\/uploads\/2025\/01\/hazu_logo_black.svg 780w, https:\/\/hrjik.fhs.hr\/wp-content\/uploads\/2025\/01\/hazu_logo_black.svg 360w\" sizes=\"auto, (max-width: 480px) 150px\" src=\"https:\/\/hrjik.fhs.hr\/wp-content\/uploads\/2025\/01\/hazu_logo_black.svg\" alt=\"\" class=\"uag-image-2798\" width=\"288\" height=\"282\" title=\"hazu_logo_black\" loading=\"lazy\" role=\"img\"\/><\/figure><\/div>\n\n\n\n<div class=\"wp-block-uagb-image uagb-block-3364586f wp-block-uagb-image--layout-default wp-block-uagb-image--effect-grayscale wp-block-uagb-image--align-none\"><figure class=\"wp-block-uagb-image__figure\"><img decoding=\"async\" srcset=\"https:\/\/hrjik.fhs.hr\/wp-content\/uploads\/2025\/01\/pte-btk-logo_hun_2023_kek-300x269.png ,https:\/\/hrjik.fhs.hr\/wp-content\/uploads\/2025\/01\/pte-btk-logo_hun_2023_kek-e1739821454891.png 780w, https:\/\/hrjik.fhs.hr\/wp-content\/uploads\/2025\/01\/pte-btk-logo_hun_2023_kek-e1739821454891.png 360w\" sizes=\"auto, (max-width: 480px) 150px\" src=\"https:\/\/hrjik.fhs.hr\/wp-content\/uploads\/2025\/01\/pte-btk-logo_hun_2023_kek-300x269.png\" alt=\"\" class=\"uag-image-2804\" width=\"300\" height=\"269\" title=\"pte-btk-logo_hun_2023_kek\" loading=\"lazy\" role=\"img\"\/><\/figure><\/div>\n<\/div>\n\n\n\n<div class=\"wp-block-uagb-container uagb-layout-grid uagb-block-79a1a65f\">\n<div class=\"wp-block-uagb-image uagb-block-629410c8 wp-block-uagb-image--layout-default wp-block-uagb-image--effect-grayscale wp-block-uagb-image--align-none\"><figure class=\"wp-block-uagb-image__figure\"><img decoding=\"async\" srcset=\"https:\/\/hrjik.fhs.hr\/wp-content\/uploads\/2025\/01\/usp-2018preto-300x44.png ,https:\/\/hrjik.fhs.hr\/wp-content\/uploads\/2025\/01\/usp-2018preto-300x44.png 780w, https:\/\/hrjik.fhs.hr\/wp-content\/uploads\/2025\/01\/usp-2018preto.png 360w\" sizes=\"auto, (max-width: 480px) 150px\" src=\"https:\/\/hrjik.fhs.hr\/wp-content\/uploads\/2025\/01\/usp-2018preto-300x44.png\" alt=\"\" class=\"uag-image-2812\" width=\"300\" height=\"44\" title=\"usp-2018preto\" loading=\"lazy\" role=\"img\"\/><\/figure><\/div>\n\n\n\n<div class=\"wp-block-uagb-image uagb-block-321b1f8b wp-block-uagb-image--layout-default wp-block-uagb-image--effect-grayscale wp-block-uagb-image--align-none\"><figure class=\"wp-block-uagb-image__figure\"><img decoding=\"async\" srcset=\"https:\/\/hrjik.fhs.hr\/wp-content\/uploads\/2025\/01\/ur-logo-wort-bildmarke-grau.svg ,https:\/\/hrjik.fhs.hr\/wp-content\/uploads\/2025\/01\/ur-logo-wort-bildmarke-grau.svg 780w, https:\/\/hrjik.fhs.hr\/wp-content\/uploads\/2025\/01\/ur-logo-wort-bildmarke-grau.svg 360w\" sizes=\"auto, (max-width: 480px) 150px\" src=\"https:\/\/hrjik.fhs.hr\/wp-content\/uploads\/2025\/01\/ur-logo-wort-bildmarke-grau.svg\" alt=\"\" class=\"uag-image-2811\" width=\"282\" height=\"282\" title=\"ur-logo-wort-bildmarke-grau\" loading=\"lazy\" role=\"img\"\/><\/figure><\/div>\n\n\n\n<div class=\"wp-block-uagb-image uagb-block-700b3885 wp-block-uagb-image--layout-default wp-block-uagb-image--effect-grayscale wp-block-uagb-image--align-none\"><figure class=\"wp-block-uagb-image__figure\"><img decoding=\"async\" srcset=\"https:\/\/hrjik.fhs.hr\/wp-content\/uploads\/2025\/03\/yorku-logo-Photoroom-300x67.png ,https:\/\/hrjik.fhs.hr\/wp-content\/uploads\/2025\/03\/yorku-logo-Photoroom-300x67.png 780w, https:\/\/hrjik.fhs.hr\/wp-content\/uploads\/2025\/03\/yorku-logo-Photoroom.png 360w\" sizes=\"auto, (max-width: 480px) 150px\" src=\"https:\/\/hrjik.fhs.hr\/wp-content\/uploads\/2025\/03\/yorku-logo-Photoroom-300x67.png\" alt=\"\" class=\"uag-image-3664\" width=\"300\" height=\"67\" title=\"yorku-logo-Photoroom\" loading=\"lazy\" role=\"img\"\/><\/figure><\/div>\n<\/div>\n\n\n\n<div class=\"wp-block-uagb-advanced-heading uagb-block-d3c81a55\"><div class=\"uagb-separator\"><\/div><h2 class=\"uagb-heading-text\">Sponsors<\/h2><\/div>\n\n\n\n<div class=\"wp-block-uagb-container uagb-layout-grid uagb-block-186ca402\">\n<div class=\"wp-block-uagb-image uagb-block-8e63efea wp-block-uagb-image--layout-default wp-block-uagb-image--effect-grayscale wp-block-uagb-image--align-none\"><figure class=\"wp-block-uagb-image__figure\"><img decoding=\"async\" srcset=\"https:\/\/hrjik.fhs.hr\/wp-content\/uploads\/2025\/01\/logo_SDUHIRH_hor_Hr-300x189.png ,https:\/\/hrjik.fhs.hr\/wp-content\/uploads\/2025\/01\/logo_SDUHIRH_hor_Hr.png 780w, https:\/\/hrjik.fhs.hr\/wp-content\/uploads\/2025\/01\/logo_SDUHIRH_hor_Hr.png 360w\" sizes=\"auto, (max-width: 480px) 150px\" src=\"https:\/\/hrjik.fhs.hr\/wp-content\/uploads\/2025\/01\/logo_SDUHIRH_hor_Hr-300x189.png\" alt=\"\" class=\"uag-image-2800\" width=\"300\" height=\"189\" title=\"logo_SDUHIRH_hor_Hr\" loading=\"lazy\" role=\"img\"\/><\/figure><\/div>\n\n\n\n<div class=\"wp-block-uagb-image uagb-block-bb9df60d wp-block-uagb-image--layout-default wp-block-uagb-image--effect-grayscale wp-block-uagb-image--align-none\"><figure class=\"wp-block-uagb-image__figure\"><img decoding=\"async\" srcset=\"https:\/\/hrjik.fhs.hr\/wp-content\/uploads\/2025\/01\/ministarstvo-Photoroom-300x86.png ,https:\/\/hrjik.fhs.hr\/wp-content\/uploads\/2025\/01\/ministarstvo-Photoroom.png 780w, https:\/\/hrjik.fhs.hr\/wp-content\/uploads\/2025\/01\/ministarstvo-Photoroom.png 360w\" sizes=\"auto, (max-width: 480px) 150px\" src=\"https:\/\/hrjik.fhs.hr\/wp-content\/uploads\/2025\/01\/ministarstvo-Photoroom-300x86.png\" alt=\"\" class=\"uag-image-2808\" width=\"300\" height=\"86\" title=\"ministarstvo-Photoroom\" loading=\"lazy\" role=\"img\"\/><\/figure><\/div>\n<\/div>\n<\/div><\/div>\n\n\n\n<div class=\"wp-block-uagb-container uagb-block-1590db7f alignfull uagb-is-root-container\"><div class=\"uagb-container__shape uagb-container__shape-bottom uagb-container__invert\" data-negative=\"false\"><svg xmlns=\"https:\/\/www.w3.org\/2000\/svg\" viewbox=\"0 0 283.5 27.8\" preserveaspectratio=\"none\"><path class=\"uagb-container__shape-fill\" d=\"M283.5,9.7c0,0-7.3,4.3-14,4.6c-6.8,0.3-12.6,0-20.9-1.5c-11.3-2-33.1-10.1-44.7-5.7\ts-12.1,4.6-18,7.4c-6.6,3.2-20,9.6-36.6,9.3C131.6,23.5,99.5,7.2,86.3,8c-1.4,0.1-6.6,0.8-10.5,2c-3.8,1.2-9.4,3.8-17,4.7\tc-3.2,0.4-8.3,1.1-14.2,0.9c-1.5-0.1-6.3-0.4-12-1.6c-5.7-1.2-11-3.1-15.8-3.7C6.5,9.2,0,10.8,0,10.8V0h283.5V9.7z M260.8,11.3\tc-0.7-1-2-0.4-4.3-0.4c-2.3,0-6.1-1.2-5.8-1.1c0.3,0.1,3.1,1.5,6,1.9C259.7,12.2,261.4,12.3,260.8,11.3z M242.4,8.6\tc0,0-2.4-0.2-5.6-0.9c-3.2-0.8-10.3-2.8-15.1-3.5c-8.2-1.1-15.8,0-15.1,0.1c0.8,0.1,9.6-0.6,17.6,1.1c3.3,0.7,9.3,2.2,12.4,2.7\tC239.9,8.7,242.4,8.6,242.4,8.6z M185.2,8.5c1.7-0.7-13.3,4.7-18.5,6.1c-2.1,0.6-6.2,1.6-10,2c-3.9,0.4-8.9,0.4-8.8,0.5\tc0,0.2,5.8,0.8,11.2,0c5.4-0.8,5.2-1.1,7.6-1.6C170.5,14.7,183.5,9.2,185.2,8.5z M199.1,6.9c0.2,0-0.8-0.4-4.8,1.1\tc-4,1.5-6.7,3.5-6.9,3.7c-0.2,0.1,3.5-1.8,6.6-3C197,7.5,199,6.9,199.1,6.9z M283,6c-0.1,0.1-1.9,1.1-4.8,2.5s-6.9,2.8-6.7,2.7\tc0.2,0,3.5-0.6,7.4-2.5C282.8,6.8,283.1,5.9,283,6z M31.3,11.6c0.1-0.2-1.9-0.2-4.5-1.2s-5.4-1.6-7.8-2C15,7.6,7.3,8.5,7.7,8.6\tC8,8.7,15.9,8.3,20.2,9.3c2.2,0.5,2.4,0.5,5.7,1.6S31.2,11.9,31.3,11.6z M73,9.2c0.4-0.1,3.5-1.6,8.4-2.6c4.9-1.1,8.9-0.5,8.9-0.8\tc0-0.3-1-0.9-6.2-0.3S72.6,9.3,73,9.2z M71.6,6.7C71.8,6.8,75,5.4,77.3,5c2.3-0.3,1.9-0.5,1.9-0.6c0-0.1-1.1-0.2-2.7,0.2\tC74.8,5.1,71.4,6.6,71.6,6.7z M93.6,4.4c0.1,0.2,3.5,0.8,5.6,1.8c2.1,1,1.8,0.6,1.9,0.5c0.1-0.1-0.8-0.8-2.4-1.3\tC97.1,4.8,93.5,4.2,93.6,4.4z M65.4,11.1c-0.1,0.3,0.3,0.5,1.9-0.2s2.6-1.3,2.2-1.2s-0.9,0.4-2.5,0.8C65.3,10.9,65.5,10.8,65.4,11.1\tz M34.5,12.4c-0.2,0,2.1,0.8,3.3,0.9c1.2,0.1,2,0.1,2-0.2c0-0.3-0.1-0.5-1.6-0.4C36.6,12.8,34.7,12.4,34.5,12.4z M152.2,21.1\tc-0.1,0.1-2.4-0.3-7.5-0.3c-5,0-13.6-2.4-17.2-3.5c-3.6-1.1,10,3.9,16.5,4.1C150.5,21.6,152.3,21,152.2,21.1z\"><\/path><path class=\"uagb-container__shape-fill\" d=\"M269.6,18c-0.1-0.1-4.6,0.3-7.2,0c-7.3-0.7-17-3.2-16.6-2.9c0.4,0.3,13.7,3.1,17,3.3\tC267.7,18.8,269.7,18,269.6,18z\"><\/path><path class=\"uagb-container__shape-fill\" d=\"M227.4,9.8c-0.2-0.1-4.5-1-9.5-1.2c-5-0.2-12.7,0.6-12.3,0.5c0.3-0.1,5.9-1.8,13.3-1.2\tS227.6,9.9,227.4,9.8z\"><\/path><path class=\"uagb-container__shape-fill\" d=\"M204.5,13.4c-0.1-0.1,2-1,3.2-1.1c1.2-0.1,2,0,2,0.3c0,0.3-0.1,0.5-1.6,0.4\tC206.4,12.9,204.6,13.5,204.5,13.4z\"><\/path><path class=\"uagb-container__shape-fill\" d=\"M201,10.6c0-0.1-4.4,1.2-6.3,2.2c-1.9,0.9-6.2,3.1-6.1,3.1c0.1,0.1,4.2-1.6,6.3-2.6\tS201,10.7,201,10.6z\"><\/path><path class=\"uagb-container__shape-fill\" d=\"M154.5,26.7c-0.1-0.1-4.6,0.3-7.2,0c-7.3-0.7-17-3.2-16.6-2.9c0.4,0.3,13.7,3.1,17,3.3\tC152.6,27.5,154.6,26.8,154.5,26.7z\"><\/path><path class=\"uagb-container__shape-fill\" d=\"M41.9,19.3c0,0,1.2-0.3,2.9-0.1c1.7,0.2,5.8,0.9,8.2,0.7c4.2-0.4,7.4-2.7,7-2.6\tc-0.4,0-4.3,2.2-8.6,1.9c-1.8-0.1-5.1-0.5-6.7-0.4S41.9,19.3,41.9,19.3z\"><\/path><path class=\"uagb-container__shape-fill\" d=\"M75.5,12.6c0.2,0.1,2-0.8,4.3-1.1c2.3-0.2,2.1-0.3,2.1-0.5c0-0.1-1.8-0.4-3.4,0\tC76.9,11.5,75.3,12.5,75.5,12.6z\"><\/path><path class=\"uagb-container__shape-fill\" d=\"M15.6,13.2c0-0.1,4.3,0,6.7,0.5c2.4,0.5,5,1.9,5,2c0,0.1-2.7-0.8-5.1-1.4\tC19.9,13.7,15.7,13.3,15.6,13.2z\"><\/path><\/svg><\/div><div class=\"uagb-container-inner-blocks-wrap\"><\/div><\/div>","protected":false},"excerpt":{"rendered":"<p>Hrvatski jezik i kultura u inozemstvu: pogled u pro\u0161lost, sada\u0161njost, budu\u0107nost Obavijest Konferencija u brojkama Va\u017eni datumi Tematske cjeline konferencije Prof. dr. sc. Vanda Babi\u0107 Gali\u0107, redovita je profesorica i znanstvena savjetnica. Diplomirala je u Zadru, magistrirala i doktorirala u Zagrebu. Radila je na Sveu\u010dili\u0161tu u Zadru (1992.\u20132023.), gdje je predavala kolegije iz usmene knji\u017eevnosti [&hellip;]<\/p>\n","protected":false},"author":1,"featured_media":3269,"parent":0,"menu_order":0,"comment_status":"closed","ping_status":"closed","template":"","meta":{"_uag_custom_page_level_css":"","site-sidebar-layout":"default","site-content-layout":"","ast-site-content-layout":"default","site-content-style":"default","site-sidebar-style":"default","ast-global-header-display":"","ast-banner-title-visibility":"","ast-main-header-display":"","ast-hfb-above-header-display":"","ast-hfb-below-header-display":"","ast-hfb-mobile-header-display":"","site-post-title":"disabled","ast-breadcrumbs-content":"","ast-featured-img":"","footer-sml-layout":"","ast-disable-related-posts":"","theme-transparent-header-meta":"","adv-header-id-meta":"","stick-header-meta":"","header-above-stick-meta":"","header-main-stick-meta":"","header-below-stick-meta":"","astra-migrate-meta-layouts":"set","ast-page-background-enabled":"default","ast-page-background-meta":{"desktop":{"background-color":"","background-image":"","background-repeat":"repeat","background-position":"center center","background-size":"auto","background-attachment":"scroll","background-type":"","background-media":"","overlay-type":"","overlay-color":"","overlay-opacity":"","overlay-gradient":""},"tablet":{"background-color":"","background-image":"","background-repeat":"repeat","background-position":"center center","background-size":"auto","background-attachment":"scroll","background-type":"","background-media":"","overlay-type":"","overlay-color":"","overlay-opacity":"","overlay-gradient":""},"mobile":{"background-color":"","background-image":"","background-repeat":"repeat","background-position":"center center","background-size":"auto","background-attachment":"scroll","background-type":"","background-media":"","overlay-type":"","overlay-color":"","overlay-opacity":"","overlay-gradient":""}},"ast-content-background-meta":{"desktop":{"background-color":"var(--ast-global-color-5)","background-image":"","background-repeat":"repeat","background-position":"center center","background-size":"auto","background-attachment":"scroll","background-type":"","background-media":"","overlay-type":"","overlay-color":"","overlay-opacity":"","overlay-gradient":""},"tablet":{"background-color":"var(--ast-global-color-5)","background-image":"","background-repeat":"repeat","background-position":"center center","background-size":"auto","background-attachment":"scroll","background-type":"","background-media":"","overlay-type":"","overlay-color":"","overlay-opacity":"","overlay-gradient":""},"mobile":{"background-color":"var(--ast-global-color-5)","background-image":"","background-repeat":"repeat","background-position":"center center","background-size":"auto","background-attachment":"scroll","background-type":"","background-media":"","overlay-type":"","overlay-color":"","overlay-opacity":"","overlay-gradient":""}},"footnotes":""},"class_list":["post-198","page","type-page","status-publish","has-post-thumbnail","hentry"],"yoast_head":"<!-- This site is optimized with the Yoast SEO plugin v27.4 - https:\/\/yoast.com\/product\/yoast-seo-wordpress\/ -->\n<title>Naslovnica - Hrvatski jezik i kultura u inozemstvu: pogled u pro\u0161lost, sada\u0161njost, budu\u0107nost<\/title>\n<meta name=\"description\" content=\"Po\u010detna stranica konferencije Hrvatski jezik i kultura u inozemstvu:pogled u pro\u0161lost, sada\u0161njost, budu\u0107nost, prijavite se\" \/>\n<meta name=\"robots\" content=\"index, follow, max-snippet:-1, max-image-preview:large, max-video-preview:-1\" \/>\n<link rel=\"canonical\" href=\"https:\/\/hrjik.fhs.hr\/en\/\" \/>\n<meta property=\"og:locale\" content=\"en_GB\" \/>\n<meta property=\"og:type\" content=\"article\" \/>\n<meta property=\"og:title\" content=\"Naslovnica - Hrvatski jezik i kultura u inozemstvu: pogled u pro\u0161lost, sada\u0161njost, budu\u0107nost\" \/>\n<meta property=\"og:description\" content=\"Po\u010detna stranica konferencije Hrvatski jezik i kultura u inozemstvu:pogled u pro\u0161lost, sada\u0161njost, budu\u0107nost, prijavite se\" \/>\n<meta property=\"og:url\" content=\"https:\/\/hrjik.fhs.hr\/en\/\" \/>\n<meta property=\"og:site_name\" content=\"Hrvatski jezik i kultura u inozemstvu: pogled u pro\u0161lost, sada\u0161njost, budu\u0107nost\" \/>\n<meta property=\"article:publisher\" content=\"https:\/\/www.facebook.com\/profile.php?id=61573132138713\" \/>\n<meta property=\"article:modified_time\" content=\"2026-03-20T06:52:23+00:00\" \/>\n<meta property=\"og:image\" content=\"https:\/\/hrjik.fhs.hr\/wp-content\/uploads\/2025\/02\/500x500-prozirni-e1739802905353.png\" \/>\n\t<meta property=\"og:image:width\" content=\"200\" \/>\n\t<meta property=\"og:image:height\" content=\"200\" \/>\n\t<meta property=\"og:image:type\" content=\"image\/png\" \/>\n<meta name=\"twitter:card\" content=\"summary_large_image\" \/>\n<meta name=\"twitter:label1\" content=\"Estimated reading time\" \/>\n\t<meta name=\"twitter:data1\" content=\"6 minutes\" \/>\n<script type=\"application\/ld+json\" class=\"yoast-schema-graph\">{\"@context\":\"https:\\\/\\\/schema.org\",\"@graph\":[{\"@type\":\"WebPage\",\"@id\":\"https:\\\/\\\/hrjik.fhs.hr\\\/\",\"url\":\"https:\\\/\\\/hrjik.fhs.hr\\\/\",\"name\":\"Naslovnica - Hrvatski jezik i kultura u inozemstvu: pogled u pro\u0161lost, sada\u0161njost, budu\u0107nost\",\"isPartOf\":{\"@id\":\"https:\\\/\\\/hrjik.fhs.hr\\\/#website\"},\"primaryImageOfPage\":{\"@id\":\"https:\\\/\\\/hrjik.fhs.hr\\\/#primaryimage\"},\"image\":{\"@id\":\"https:\\\/\\\/hrjik.fhs.hr\\\/#primaryimage\"},\"thumbnailUrl\":\"https:\\\/\\\/hrjik.fhs.hr\\\/wp-content\\\/uploads\\\/2025\\\/02\\\/1024x1024prozirni.png\",\"datePublished\":\"2025-01-13T09:17:51+00:00\",\"dateModified\":\"2026-03-20T06:52:23+00:00\",\"description\":\"Po\u010detna stranica konferencije Hrvatski jezik i kultura u inozemstvu:pogled u pro\u0161lost, sada\u0161njost, budu\u0107nost, prijavite se\",\"breadcrumb\":{\"@id\":\"https:\\\/\\\/hrjik.fhs.hr\\\/#breadcrumb\"},\"inLanguage\":\"en-GB\",\"potentialAction\":[{\"@type\":\"ReadAction\",\"target\":[\"https:\\\/\\\/hrjik.fhs.hr\\\/\"]}]},{\"@type\":\"ImageObject\",\"inLanguage\":\"en-GB\",\"@id\":\"https:\\\/\\\/hrjik.fhs.hr\\\/#primaryimage\",\"url\":\"https:\\\/\\\/hrjik.fhs.hr\\\/wp-content\\\/uploads\\\/2025\\\/02\\\/1024x1024prozirni.png\",\"contentUrl\":\"https:\\\/\\\/hrjik.fhs.hr\\\/wp-content\\\/uploads\\\/2025\\\/02\\\/1024x1024prozirni.png\",\"width\":1024,\"height\":1024},{\"@type\":\"BreadcrumbList\",\"@id\":\"https:\\\/\\\/hrjik.fhs.hr\\\/#breadcrumb\",\"itemListElement\":[{\"@type\":\"ListItem\",\"position\":1,\"name\":\"Po\u010detna stranica\",\"item\":\"https:\\\/\\\/hrjik.fhs.hr\\\/\"},{\"@type\":\"ListItem\",\"position\":2,\"name\":\"Naslovnica\"}]},{\"@type\":\"WebSite\",\"@id\":\"https:\\\/\\\/hrjik.fhs.hr\\\/#website\",\"url\":\"https:\\\/\\\/hrjik.fhs.hr\\\/\",\"name\":\"Hrvatski jezik i kultura u inozemstvu: pogled u pro\u0161lost, sada\u0161njost, budu\u0107nost\",\"description\":\"Me\u0111unarodni znanstveno-stru\u010dni skup organizira se zbog potrebe aktualiziranja znanstvenih istra\u017eivanja koja se ti\u010du hrvatske iseljeni\u010dke problematike, kolektivnih sastavnica nacionalnoga identiteta te o\u010duvanja hrvatskoga jezika i kulture u inozemstvu s posebnim naglaskom na hrvatski kao ini jezik\",\"publisher\":{\"@id\":\"https:\\\/\\\/hrjik.fhs.hr\\\/#organization\"},\"potentialAction\":[{\"@type\":\"SearchAction\",\"target\":{\"@type\":\"EntryPoint\",\"urlTemplate\":\"https:\\\/\\\/hrjik.fhs.hr\\\/?s={search_term_string}\"},\"query-input\":{\"@type\":\"PropertyValueSpecification\",\"valueRequired\":true,\"valueName\":\"search_term_string\"}}],\"inLanguage\":\"en-GB\"},{\"@type\":\"Organization\",\"@id\":\"https:\\\/\\\/hrjik.fhs.hr\\\/#organization\",\"name\":\"Hrvatski jezik i kultura u inozemstvu: pogled u pro\u0161lost, sada\u0161njost, budu\u0107nost\",\"url\":\"https:\\\/\\\/hrjik.fhs.hr\\\/\",\"logo\":{\"@type\":\"ImageObject\",\"inLanguage\":\"en-GB\",\"@id\":\"https:\\\/\\\/hrjik.fhs.hr\\\/#\\\/schema\\\/logo\\\/image\\\/\",\"url\":\"https:\\\/\\\/hrjik.fhs.hr\\\/wp-content\\\/uploads\\\/2025\\\/02\\\/500x500-prozirni.png\",\"contentUrl\":\"https:\\\/\\\/hrjik.fhs.hr\\\/wp-content\\\/uploads\\\/2025\\\/02\\\/500x500-prozirni.png\",\"width\":500,\"height\":500,\"caption\":\"Hrvatski jezik i kultura u inozemstvu: pogled u pro\u0161lost, sada\u0161njost, budu\u0107nost\"},\"image\":{\"@id\":\"https:\\\/\\\/hrjik.fhs.hr\\\/#\\\/schema\\\/logo\\\/image\\\/\"},\"sameAs\":[\"https:\\\/\\\/www.facebook.com\\\/profile.php?id=61573132138713\"]}]}<\/script>\n<!-- \/ Yoast SEO plugin. -->","yoast_head_json":{"title":"Naslovnica - Hrvatski jezik i kultura u inozemstvu: pogled u pro\u0161lost, sada\u0161njost, budu\u0107nost","description":"Po\u010detna stranica konferencije Hrvatski jezik i kultura u inozemstvu:pogled u pro\u0161lost, sada\u0161njost, budu\u0107nost, prijavite se","robots":{"index":"index","follow":"follow","max-snippet":"max-snippet:-1","max-image-preview":"max-image-preview:large","max-video-preview":"max-video-preview:-1"},"canonical":"https:\/\/hrjik.fhs.hr\/en\/","og_locale":"en_GB","og_type":"article","og_title":"Naslovnica - Hrvatski jezik i kultura u inozemstvu: pogled u pro\u0161lost, sada\u0161njost, budu\u0107nost","og_description":"Po\u010detna stranica konferencije Hrvatski jezik i kultura u inozemstvu:pogled u pro\u0161lost, sada\u0161njost, budu\u0107nost, prijavite se","og_url":"https:\/\/hrjik.fhs.hr\/en\/","og_site_name":"Hrvatski jezik i kultura u inozemstvu: pogled u pro\u0161lost, sada\u0161njost, budu\u0107nost","article_publisher":"https:\/\/www.facebook.com\/profile.php?id=61573132138713","article_modified_time":"2026-03-20T06:52:23+00:00","og_image":[{"width":200,"height":200,"url":"https:\/\/hrjik.fhs.hr\/wp-content\/uploads\/2025\/02\/500x500-prozirni-e1739802905353.png","type":"image\/png"}],"twitter_card":"summary_large_image","twitter_misc":{"Estimated reading time":"6 minutes"},"schema":{"@context":"https:\/\/schema.org","@graph":[{"@type":"WebPage","@id":"https:\/\/hrjik.fhs.hr\/","url":"https:\/\/hrjik.fhs.hr\/","name":"Naslovnica - Hrvatski jezik i kultura u inozemstvu: pogled u pro\u0161lost, sada\u0161njost, budu\u0107nost","isPartOf":{"@id":"https:\/\/hrjik.fhs.hr\/#website"},"primaryImageOfPage":{"@id":"https:\/\/hrjik.fhs.hr\/#primaryimage"},"image":{"@id":"https:\/\/hrjik.fhs.hr\/#primaryimage"},"thumbnailUrl":"https:\/\/hrjik.fhs.hr\/wp-content\/uploads\/2025\/02\/1024x1024prozirni.png","datePublished":"2025-01-13T09:17:51+00:00","dateModified":"2026-03-20T06:52:23+00:00","description":"Po\u010detna stranica konferencije Hrvatski jezik i kultura u inozemstvu:pogled u pro\u0161lost, sada\u0161njost, budu\u0107nost, prijavite se","breadcrumb":{"@id":"https:\/\/hrjik.fhs.hr\/#breadcrumb"},"inLanguage":"en-GB","potentialAction":[{"@type":"ReadAction","target":["https:\/\/hrjik.fhs.hr\/"]}]},{"@type":"ImageObject","inLanguage":"en-GB","@id":"https:\/\/hrjik.fhs.hr\/#primaryimage","url":"https:\/\/hrjik.fhs.hr\/wp-content\/uploads\/2025\/02\/1024x1024prozirni.png","contentUrl":"https:\/\/hrjik.fhs.hr\/wp-content\/uploads\/2025\/02\/1024x1024prozirni.png","width":1024,"height":1024},{"@type":"BreadcrumbList","@id":"https:\/\/hrjik.fhs.hr\/#breadcrumb","itemListElement":[{"@type":"ListItem","position":1,"name":"Po\u010detna stranica","item":"https:\/\/hrjik.fhs.hr\/"},{"@type":"ListItem","position":2,"name":"Naslovnica"}]},{"@type":"WebSite","@id":"https:\/\/hrjik.fhs.hr\/#website","url":"https:\/\/hrjik.fhs.hr\/","name":"Croatian Language and Culture Abroad: Exploring the Past, Present, and Future","description":"Me\u0111unarodni znanstveno-stru\u010dni skup organizira se zbog potrebe aktualiziranja znanstvenih istra\u017eivanja koja se ti\u010du hrvatske iseljeni\u010dke problematike, kolektivnih sastavnica nacionalnoga identiteta te o\u010duvanja hrvatskoga jezika i kulture u inozemstvu s posebnim naglaskom na hrvatski kao ini jezik","publisher":{"@id":"https:\/\/hrjik.fhs.hr\/#organization"},"potentialAction":[{"@type":"SearchAction","target":{"@type":"EntryPoint","urlTemplate":"https:\/\/hrjik.fhs.hr\/?s={search_term_string}"},"query-input":{"@type":"PropertyValueSpecification","valueRequired":true,"valueName":"search_term_string"}}],"inLanguage":"en-GB"},{"@type":"Organization","@id":"https:\/\/hrjik.fhs.hr\/#organization","name":"Croatian Language and Culture Abroad: Exploring the Past, Present, and Future","url":"https:\/\/hrjik.fhs.hr\/","logo":{"@type":"ImageObject","inLanguage":"en-GB","@id":"https:\/\/hrjik.fhs.hr\/#\/schema\/logo\/image\/","url":"https:\/\/hrjik.fhs.hr\/wp-content\/uploads\/2025\/02\/500x500-prozirni.png","contentUrl":"https:\/\/hrjik.fhs.hr\/wp-content\/uploads\/2025\/02\/500x500-prozirni.png","width":500,"height":500,"caption":"Hrvatski jezik i kultura u inozemstvu: pogled u pro\u0161lost, sada\u0161njost, budu\u0107nost"},"image":{"@id":"https:\/\/hrjik.fhs.hr\/#\/schema\/logo\/image\/"},"sameAs":["https:\/\/www.facebook.com\/profile.php?id=61573132138713"]}]}},"uagb_featured_image_src":{"full":["https:\/\/hrjik.fhs.hr\/wp-content\/uploads\/2025\/02\/1024x1024prozirni.png",1024,1024,false],"thumbnail":["https:\/\/hrjik.fhs.hr\/wp-content\/uploads\/2025\/02\/1024x1024prozirni-150x150.png",150,150,true],"medium":["https:\/\/hrjik.fhs.hr\/wp-content\/uploads\/2025\/02\/1024x1024prozirni-300x300.png",300,300,true],"medium_large":["https:\/\/hrjik.fhs.hr\/wp-content\/uploads\/2025\/02\/1024x1024prozirni-768x768.png",768,768,true],"large":["https:\/\/hrjik.fhs.hr\/wp-content\/uploads\/2025\/02\/1024x1024prozirni.png",1024,1024,false],"1536x1536":["https:\/\/hrjik.fhs.hr\/wp-content\/uploads\/2025\/02\/1024x1024prozirni.png",1024,1024,false],"2048x2048":["https:\/\/hrjik.fhs.hr\/wp-content\/uploads\/2025\/02\/1024x1024prozirni.png",1024,1024,false],"trp-custom-language-flag":["https:\/\/hrjik.fhs.hr\/wp-content\/uploads\/2025\/02\/1024x1024prozirni-12x12.png",12,12,true]},"uagb_author_info":{"display_name":"hrjik_admin","author_link":"https:\/\/hrjik.fhs.hr\/en\/author\/hrjik_admin\/"},"uagb_comment_info":0,"uagb_excerpt":"Hrvatski jezik i kultura u inozemstvu: pogled u pro\u0161lost, sada\u0161njost, budu\u0107nost Obavijest Konferencija u brojkama Va\u017eni datumi Tematske cjeline konferencije Prof. dr. sc. Vanda Babi\u0107 Gali\u0107, redovita je profesorica i znanstvena savjetnica. Diplomirala je u Zadru, magistrirala i doktorirala u Zagrebu. Radila je na Sveu\u010dili\u0161tu u Zadru (1992.\u20132023.), gdje je predavala kolegije iz usmene knji\u017eevnosti&hellip;","_links":{"self":[{"href":"https:\/\/hrjik.fhs.hr\/en\/wp-json\/wp\/v2\/pages\/198","targetHints":{"allow":["GET"]}}],"collection":[{"href":"https:\/\/hrjik.fhs.hr\/en\/wp-json\/wp\/v2\/pages"}],"about":[{"href":"https:\/\/hrjik.fhs.hr\/en\/wp-json\/wp\/v2\/types\/page"}],"author":[{"embeddable":true,"href":"https:\/\/hrjik.fhs.hr\/en\/wp-json\/wp\/v2\/users\/1"}],"replies":[{"embeddable":true,"href":"https:\/\/hrjik.fhs.hr\/en\/wp-json\/wp\/v2\/comments?post=198"}],"version-history":[{"count":198,"href":"https:\/\/hrjik.fhs.hr\/en\/wp-json\/wp\/v2\/pages\/198\/revisions"}],"predecessor-version":[{"id":4050,"href":"https:\/\/hrjik.fhs.hr\/en\/wp-json\/wp\/v2\/pages\/198\/revisions\/4050"}],"wp:featuredmedia":[{"embeddable":true,"href":"https:\/\/hrjik.fhs.hr\/en\/wp-json\/wp\/v2\/media\/3269"}],"wp:attachment":[{"href":"https:\/\/hrjik.fhs.hr\/en\/wp-json\/wp\/v2\/media?parent=198"}],"curies":[{"name":"wp","href":"https:\/\/api.w.org\/{rel}","templated":true}]}}